{"id":6709,"date":"2018-08-19T16:10:40","date_gmt":"2018-08-19T14:10:40","guid":{"rendered":"https:\/\/jennyisbaking.com\/?page_id=6709"},"modified":"2023-08-14T14:47:45","modified_gmt":"2023-08-14T12:47:45","slug":"by-category","status":"publish","type":"page","link":"https:\/\/jennyisbaking.com\/de\/recipe-index\/by-category\/","title":{"rendered":"Nach Kategorie"},"content":{"rendered":"<p>\t\t\r\n\t\t\t\t\r\n\t\t\t\t<h4 class=\"index-heading\"><span>Kuchen<\/span>\r\n\t\t\t\t<a href=\"https:\/\/jennyisbaking.com\/de\/category\/cakes\/\">Alle Kuchenrezepte <i class=\"fa fa-angle-double-right\"><\/i><\/a>\r\n\t\t\t\t<\/h4>\r\n\t\t\t\t\r\n\t\t\t\t\r\n\t\t\t\r\n\t\t\t<ul class=\"sp-grid col4\">\r\n\t\t\t\t\r\n\t\t\t\t\t\r\n\t\t\t<li>\r\n\t\t\t<article id=\"post-19322\" class=\"grid-item post-19322 post type-post status-publish format-standard has-post-thumbnail hentry category-cakes category-german-recipes tag-apfel tag-apfelweinkuchen tag-apfelweintorte tag-apple tag-apple-wine-cake tag-apples tag-deutsch tag-deutschland tag-german tag-germany\">\r\n\t\t\t\t\r\n\t\t\t\t\t\t\t\t<div class=\"post-img\">\r\n\t\t\t\t\t\t\t\t\t\t<a href=\"https:\/\/jennyisbaking.com\/de\/2026\/08\/28\/apfelwein-torte-kuchen-rezept\/\"><img loading=\"lazy\" decoding=\"async\" width=\"350\" height=\"460\" src=\"https:\/\/i0.wp.com\/jennyisbaking.com\/wp-1c174-content\/uploads\/2026\/02\/Apfelweintorte.jpg?resize=350%2C460&amp;ssl=1\" class=\"attachment-sprout_spoon_misc-thumb size-sprout_spoon_misc-thumb wp-post-image\" alt=\"\" data-attachment-id=\"19323\" data-permalink=\"https:\/\/jennyisbaking.com\/de\/2026\/08\/28\/apfelwein-torte-kuchen-rezept\/apfelweintorte\/\" data-orig-file=\"https:\/\/i0.wp.com\/jennyisbaking.com\/wp-1c174-content\/uploads\/2026\/02\/Apfelweintorte.jpg?fit=534%2C801&amp;ssl=1\" data-orig-size=\"534,801\" data-comments-opened=\"1\" data-image-meta=\"{&quot;aperture&quot;:&quot;0&quot;,&quot;credit&quot;:&quot;&quot;,&quot;camera&quot;:&quot;&quot;,&quot;caption&quot;:&quot;&quot;,&quot;created_timestamp&quot;:&quot;0&quot;,&quot;copyright&quot;:&quot;&quot;,&quot;focal_length&quot;:&quot;0&quot;,&quot;iso&quot;:&quot;0&quot;,&quot;shutter_speed&quot;:&quot;0&quot;,&quot;title&quot;:&quot;&quot;,&quot;orientation&quot;:&quot;0&quot;}\" data-image-title=\"Apfelweintorte\" data-image-description=\"\" data-image-caption=\"\" data-large-file=\"https:\/\/i0.wp.com\/jennyisbaking.com\/wp-1c174-content\/uploads\/2026\/02\/Apfelweintorte.jpg?fit=534%2C801&amp;ssl=1\" \/><\/a>\r\n\t\t\t\t\t\t\t\t\t<\/div>\r\n\t\t\t\t\t\t\t\t\r\n\t\t\t\t<div class=\"post-header\">\r\n\t\t\t\t\t\r\n\t\t\t\t\t\t\t\t\t\t\r\n\t\t\t\t\t\t\t\t\t\t<h2><a href=\"https:\/\/jennyisbaking.com\/de\/2026\/08\/28\/apfelwein-torte-kuchen-rezept\/\">Apfelweintorte wie beim B\u00e4cker<\/a><\/h2>\r\n\t\t\t\t\t\t\t\t\t\t\r\n\t\t\t\t<\/div>\r\n\t\t\t\t\r\n\t\t\t\t\t\t\t\t<span class=\"date\">28\/08\/2026<\/span>\r\n\t\t\t\t\t\t\t\t\r\n\t\t\t<\/article>\r\n\t\t\t<\/li>\r\n\t\t\r\n\t\t\t\t\t\r\n\t\t\t<li>\r\n\t\t\t<article id=\"post-19873\" class=\"grid-item post-19873 post type-post status-publish format-standard has-post-thumbnail hentry category-cakes category-everything-chocolate category-north-american-recipes tag-american tag-amerikanisch tag-best tag-beste tag-bestes tag-brownie tag-brownies tag-chocolate tag-crust tag-glanzend tag-kruste tag-recipe tag-rezept tag-schokolade tag-shiny tag-us tag-usa\">\r\n\t\t\t\t\r\n\t\t\t\t\t\t\t\t<div class=\"post-img\">\r\n\t\t\t\t\t\t\t\t\t\t<a href=\"https:\/\/jennyisbaking.com\/de\/2026\/08\/21\/meine-liebsten-brownies-rezept\/\"><img loading=\"lazy\" decoding=\"async\" width=\"350\" height=\"460\" src=\"https:\/\/i0.wp.com\/jennyisbaking.com\/wp-1c174-content\/uploads\/2026\/07\/Beste-Brownies-Rezept.jpg?resize=350%2C460&amp;ssl=1\" class=\"attachment-sprout_spoon_misc-thumb size-sprout_spoon_misc-thumb wp-post-image\" alt=\"\" data-attachment-id=\"19874\" data-permalink=\"https:\/\/jennyisbaking.com\/de\/2026\/08\/21\/meine-liebsten-brownies-rezept\/beste-brownies-rezept\/\" data-orig-file=\"https:\/\/i0.wp.com\/jennyisbaking.com\/wp-1c174-content\/uploads\/2026\/07\/Beste-Brownies-Rezept.jpg?fit=534%2C801&amp;ssl=1\" data-orig-size=\"534,801\" data-comments-opened=\"1\" data-image-meta=\"{&quot;aperture&quot;:&quot;0&quot;,&quot;credit&quot;:&quot;&quot;,&quot;camera&quot;:&quot;&quot;,&quot;caption&quot;:&quot;&quot;,&quot;created_timestamp&quot;:&quot;0&quot;,&quot;copyright&quot;:&quot;&quot;,&quot;focal_length&quot;:&quot;0&quot;,&quot;iso&quot;:&quot;0&quot;,&quot;shutter_speed&quot;:&quot;0&quot;,&quot;title&quot;:&quot;&quot;,&quot;orientation&quot;:&quot;0&quot;,&quot;alt&quot;:&quot;&quot;}\" data-image-title=\"Beste-Brownies-Rezept\" data-image-description=\"\" data-image-caption=\"\" data-large-file=\"https:\/\/i0.wp.com\/jennyisbaking.com\/wp-1c174-content\/uploads\/2026\/07\/Beste-Brownies-Rezept.jpg?fit=534%2C801&amp;ssl=1\" \/><\/a>\r\n\t\t\t\t\t\t\t\t\t<\/div>\r\n\t\t\t\t\t\t\t\t\r\n\t\t\t\t<div class=\"post-header\">\r\n\t\t\t\t\t\r\n\t\t\t\t\t\t\t\t\t\t\r\n\t\t\t\t\t\t\t\t\t\t<h2><a href=\"https:\/\/jennyisbaking.com\/de\/2026\/08\/21\/meine-liebsten-brownies-rezept\/\">Mein liebstes Brownies-Rezept<\/a><\/h2>\r\n\t\t\t\t\t\t\t\t\t\t\r\n\t\t\t\t<\/div>\r\n\t\t\t\t\r\n\t\t\t\t\t\t\t\t<span class=\"date\">21\/08\/2026<\/span>\r\n\t\t\t\t\t\t\t\t\r\n\t\t\t<\/article>\r\n\t\t\t<\/li>\r\n\t\t\r\n\t\t\t\t\t\r\n\t\t\t<li>\r\n\t\t\t<article id=\"post-19803\" class=\"grid-item post-19803 post type-post status-publish format-standard has-post-thumbnail hentry category-argentina-and-uruguay category-cakes category-latin-american-recipes tag-peach tag-peach-cake tag-peaches tag-pfirsich tag-pfirsiche tag-postre-chaja tag-uruguay-de tag-uruguayan tag-uruguayisch\">\r\n\t\t\t\t\r\n\t\t\t\t\t\t\t\t<div class=\"post-img\">\r\n\t\t\t\t\t\t\t\t\t\t<a href=\"https:\/\/jennyisbaking.com\/de\/2026\/08\/07\/postre-chaja-rezept-aus-uruguay\/\"><img loading=\"lazy\" decoding=\"async\" width=\"350\" height=\"460\" src=\"https:\/\/i0.wp.com\/jennyisbaking.com\/wp-1c174-content\/uploads\/2026\/06\/Postre-chaja-Rezept-Uruguay.jpg?resize=350%2C460&amp;ssl=1\" class=\"attachment-sprout_spoon_misc-thumb size-sprout_spoon_misc-thumb wp-post-image\" alt=\"\" data-attachment-id=\"19808\" data-permalink=\"https:\/\/jennyisbaking.com\/de\/2026\/08\/07\/postre-chaja-rezept-aus-uruguay\/postre-chaja-rezept-uruguay\/\" data-orig-file=\"https:\/\/i0.wp.com\/jennyisbaking.com\/wp-1c174-content\/uploads\/2026\/06\/Postre-chaja-Rezept-Uruguay.jpg?fit=534%2C801&amp;ssl=1\" data-orig-size=\"534,801\" data-comments-opened=\"1\" data-image-meta=\"{&quot;aperture&quot;:&quot;0&quot;,&quot;credit&quot;:&quot;&quot;,&quot;camera&quot;:&quot;&quot;,&quot;caption&quot;:&quot;&quot;,&quot;created_timestamp&quot;:&quot;0&quot;,&quot;copyright&quot;:&quot;&quot;,&quot;focal_length&quot;:&quot;0&quot;,&quot;iso&quot;:&quot;0&quot;,&quot;shutter_speed&quot;:&quot;0&quot;,&quot;title&quot;:&quot;&quot;,&quot;orientation&quot;:&quot;0&quot;,&quot;alt&quot;:&quot;&quot;}\" data-image-title=\"Postre-chaja-Rezept-Uruguay\" data-image-description=\"\" data-image-caption=\"\" data-large-file=\"https:\/\/i0.wp.com\/jennyisbaking.com\/wp-1c174-content\/uploads\/2026\/06\/Postre-chaja-Rezept-Uruguay.jpg?fit=534%2C801&amp;ssl=1\" \/><\/a>\r\n\t\t\t\t\t\t\t\t\t<\/div>\r\n\t\t\t\t\t\t\t\t\r\n\t\t\t\t<div class=\"post-header\">\r\n\t\t\t\t\t\r\n\t\t\t\t\t\t\t\t\t\t\r\n\t\t\t\t\t\t\t\t\t\t<h2><a href=\"https:\/\/jennyisbaking.com\/de\/2026\/08\/07\/postre-chaja-rezept-aus-uruguay\/\">Zum Geburtstag die ber\u00fchmte Torte aus meiner Geburtsstadt: postre chaj\u00e1<\/a><\/h2>\r\n\t\t\t\t\t\t\t\t\t\t\r\n\t\t\t\t<\/div>\r\n\t\t\t\t\r\n\t\t\t\t\t\t\t\t<span class=\"date\">07\/08\/2026<\/span>\r\n\t\t\t\t\t\t\t\t\r\n\t\t\t<\/article>\r\n\t\t\t<\/li>\r\n\t\t\r\n\t\t\t\t\t\r\n\t\t\t<li>\r\n\t\t\t<article id=\"post-19885\" class=\"grid-item post-19885 post type-post status-publish format-standard has-post-thumbnail hentry category-cakes category-german-recipes category-summer tag-aprikosen tag-aprikosenkuchen tag-cake tag-coffee-cake tag-easy tag-einfach tag-einfacher tag-fast tag-kuchen tag-quick tag-schnell tag-schneller tag-simple\">\r\n\t\t\t\t\r\n\t\t\t\t\t\t\t\t<div class=\"post-img\">\r\n\t\t\t\t\t\t\t\t\t\t<a href=\"https:\/\/jennyisbaking.com\/de\/2026\/07\/31\/schneller-aprikosen-kuchen-mit-ruhrteig\/\"><img loading=\"lazy\" decoding=\"async\" width=\"350\" height=\"460\" src=\"https:\/\/i0.wp.com\/jennyisbaking.com\/wp-1c174-content\/uploads\/2026\/07\/Schneller-Aprikosen-Kuchen.jpg?resize=350%2C460&amp;ssl=1\" class=\"attachment-sprout_spoon_misc-thumb size-sprout_spoon_misc-thumb wp-post-image\" alt=\"\" data-attachment-id=\"19887\" data-permalink=\"https:\/\/jennyisbaking.com\/de\/2026\/07\/31\/schneller-aprikosen-kuchen-mit-ruhrteig\/schneller-aprikosen-kuchen\/\" data-orig-file=\"https:\/\/i0.wp.com\/jennyisbaking.com\/wp-1c174-content\/uploads\/2026\/07\/Schneller-Aprikosen-Kuchen.jpg?fit=534%2C801&amp;ssl=1\" data-orig-size=\"534,801\" data-comments-opened=\"1\" data-image-meta=\"{&quot;aperture&quot;:&quot;0&quot;,&quot;credit&quot;:&quot;&quot;,&quot;camera&quot;:&quot;&quot;,&quot;caption&quot;:&quot;&quot;,&quot;created_timestamp&quot;:&quot;0&quot;,&quot;copyright&quot;:&quot;&quot;,&quot;focal_length&quot;:&quot;0&quot;,&quot;iso&quot;:&quot;0&quot;,&quot;shutter_speed&quot;:&quot;0&quot;,&quot;title&quot;:&quot;&quot;,&quot;orientation&quot;:&quot;0&quot;,&quot;alt&quot;:&quot;&quot;}\" data-image-title=\"Schneller-Aprikosen-Kuchen\" data-image-description=\"\" data-image-caption=\"\" data-large-file=\"https:\/\/i0.wp.com\/jennyisbaking.com\/wp-1c174-content\/uploads\/2026\/07\/Schneller-Aprikosen-Kuchen.jpg?fit=534%2C801&amp;ssl=1\" \/><\/a>\r\n\t\t\t\t\t\t\t\t\t<\/div>\r\n\t\t\t\t\t\t\t\t\r\n\t\t\t\t<div class=\"post-header\">\r\n\t\t\t\t\t\r\n\t\t\t\t\t\t\t\t\t\t\r\n\t\t\t\t\t\t\t\t\t\t<h2><a href=\"https:\/\/jennyisbaking.com\/de\/2026\/07\/31\/schneller-aprikosen-kuchen-mit-ruhrteig\/\">Schneller Aprikosenkuchen mit vielen Aprikosen<\/a><\/h2>\r\n\t\t\t\t\t\t\t\t\t\t\r\n\t\t\t\t<\/div>\r\n\t\t\t\t\r\n\t\t\t\t\t\t\t\t<span class=\"date\">31\/07\/2026<\/span>\r\n\t\t\t\t\t\t\t\t\r\n\t\t\t<\/article>\r\n\t\t\t<\/li>\r\n\t\t\r\n\t\t\t\t\r\n\t\t<\/ul>\r\n\t\t\r\n\t\t\t\t\r\n\t\t\t\r\n\t<\/p>\n\t\t\r\n\t\t\t\t\r\n\t\t\t\t<h4 class=\"index-heading\"><span>Cookies &amp; Pl\u00e4tzchen<\/span>\r\n\t\t\t\t<a href=\"https:\/\/jennyisbaking.com\/de\/category\/cookies\/\">Alle Cookie-Rezepte <i class=\"fa fa-angle-double-right\"><\/i><\/a>\r\n\t\t\t\t<\/h4>\r\n\t\t\t\t\r\n\t\t\t\t\r\n\t\t\t\r\n\t\t\t<ul class=\"sp-grid col4\">\r\n\t\t\t\t\r\n\t\t\t\t\t\r\n\t\t\t<li>\r\n\t\t\t<article id=\"post-19177\" class=\"grid-item post-19177 post type-post status-publish format-standard has-post-thumbnail hentry category-all-seasons category-cookies category-north-american-recipes tag-bars tag-chocolate-chip tag-chocolate-chip-bars tag-chocolate-chip-cookie tag-comfort-food tag-einfach tag-fast tag-quick tag-schnell tag-seelenfutter tag-soul-food\">\r\n\t\t\t\t\r\n\t\t\t\t\t\t\t\t<div class=\"post-img\">\r\n\t\t\t\t\t\t\t\t\t\t<a href=\"https:\/\/jennyisbaking.com\/de\/2026\/01\/30\/chocolate-chip-cookie-bars\/\"><img loading=\"lazy\" decoding=\"async\" width=\"350\" height=\"460\" src=\"https:\/\/i0.wp.com\/jennyisbaking.com\/wp-1c174-content\/uploads\/2026\/01\/Chocolate-chip-cookie-bars.jpg?resize=350%2C460&amp;ssl=1\" class=\"attachment-sprout_spoon_misc-thumb size-sprout_spoon_misc-thumb wp-post-image\" alt=\"\" data-attachment-id=\"19181\" data-permalink=\"https:\/\/jennyisbaking.com\/de\/2026\/01\/30\/chocolate-chip-cookie-bars\/chocolate-chip-cookie-bars\/\" data-orig-file=\"https:\/\/i0.wp.com\/jennyisbaking.com\/wp-1c174-content\/uploads\/2026\/01\/Chocolate-chip-cookie-bars.jpg?fit=534%2C801&amp;ssl=1\" data-orig-size=\"534,801\" data-comments-opened=\"1\" data-image-meta=\"{&quot;aperture&quot;:&quot;0&quot;,&quot;credit&quot;:&quot;&quot;,&quot;camera&quot;:&quot;&quot;,&quot;caption&quot;:&quot;&quot;,&quot;created_timestamp&quot;:&quot;0&quot;,&quot;copyright&quot;:&quot;&quot;,&quot;focal_length&quot;:&quot;0&quot;,&quot;iso&quot;:&quot;0&quot;,&quot;shutter_speed&quot;:&quot;0&quot;,&quot;title&quot;:&quot;&quot;,&quot;orientation&quot;:&quot;0&quot;}\" data-image-title=\"Chocolate-chip-cookie-bars\" data-image-description=\"\" data-image-caption=\"\" data-large-file=\"https:\/\/i0.wp.com\/jennyisbaking.com\/wp-1c174-content\/uploads\/2026\/01\/Chocolate-chip-cookie-bars.jpg?fit=534%2C801&amp;ssl=1\" \/><\/a>\r\n\t\t\t\t\t\t\t\t\t<\/div>\r\n\t\t\t\t\t\t\t\t\r\n\t\t\t\t<div class=\"post-header\">\r\n\t\t\t\t\t\r\n\t\t\t\t\t\t\t\t\t\t\r\n\t\t\t\t\t\t\t\t\t\t<h2><a href=\"https:\/\/jennyisbaking.com\/de\/2026\/01\/30\/chocolate-chip-cookie-bars\/\">Chocolate-Chip-Cookie-Bars<\/a><\/h2>\r\n\t\t\t\t\t\t\t\t\t\t\r\n\t\t\t\t<\/div>\r\n\t\t\t\t\r\n\t\t\t\t\t\t\t\t<span class=\"date\">30\/01\/2026<\/span>\r\n\t\t\t\t\t\t\t\t\r\n\t\t\t<\/article>\r\n\t\t\t<\/li>\r\n\t\t\r\n\t\t\t\t\t\r\n\t\t\t<li>\r\n\t\t\t<article id=\"post-18782\" class=\"grid-item post-18782 post type-post status-publish format-standard has-post-thumbnail hentry category-christmas category-cookies category-cookieskekseplatzchen category-how-to category-weihnachten tag-backen tag-bake tag-christmas tag-cookies tag-gleichzeitig tag-how-to tag-keks tag-kekse tag-platzchen tag-platzchendose tag-tipps tag-tips tag-tricks tag-viel tag-weihnachten\">\r\n\t\t\t\t\r\n\t\t\t\t\t\t\t\t<div class=\"post-img\">\r\n\t\t\t\t\t\t\t\t\t\t<a href=\"https:\/\/jennyisbaking.com\/de\/2025\/11\/14\/viele-plaetzchen-gleichzeitig-backen-plaetzchendose\/\"><img loading=\"lazy\" decoding=\"async\" width=\"350\" height=\"460\" src=\"https:\/\/i0.wp.com\/jennyisbaking.com\/wp-1c174-content\/uploads\/2025\/11\/Platzchenteller-2025-1.jpg?resize=350%2C460&amp;ssl=1\" class=\"attachment-sprout_spoon_misc-thumb size-sprout_spoon_misc-thumb wp-post-image\" alt=\"\" data-attachment-id=\"18800\" data-permalink=\"https:\/\/jennyisbaking.com\/de\/2025\/11\/14\/viele-plaetzchen-gleichzeitig-backen-plaetzchendose\/platzchenteller-2025-1\/\" data-orig-file=\"https:\/\/i0.wp.com\/jennyisbaking.com\/wp-1c174-content\/uploads\/2025\/11\/Platzchenteller-2025-1.jpg?fit=549%2C801&amp;ssl=1\" data-orig-size=\"549,801\" data-comments-opened=\"1\" data-image-meta=\"{&quot;aperture&quot;:&quot;0&quot;,&quot;credit&quot;:&quot;&quot;,&quot;camera&quot;:&quot;&quot;,&quot;caption&quot;:&quot;&quot;,&quot;created_timestamp&quot;:&quot;0&quot;,&quot;copyright&quot;:&quot;&quot;,&quot;focal_length&quot;:&quot;0&quot;,&quot;iso&quot;:&quot;0&quot;,&quot;shutter_speed&quot;:&quot;0&quot;,&quot;title&quot;:&quot;&quot;,&quot;orientation&quot;:&quot;0&quot;}\" data-image-title=\"Pla\u0308tzchenteller-2025-1\" data-image-description=\"\" data-image-caption=\"\" data-large-file=\"https:\/\/i0.wp.com\/jennyisbaking.com\/wp-1c174-content\/uploads\/2025\/11\/Platzchenteller-2025-1.jpg?fit=549%2C801&amp;ssl=1\" \/><\/a>\r\n\t\t\t\t\t\t\t\t\t<\/div>\r\n\t\t\t\t\t\t\t\t\r\n\t\t\t\t<div class=\"post-header\">\r\n\t\t\t\t\t\r\n\t\t\t\t\t\t\t\t\t\t\r\n\t\t\t\t\t\t\t\t\t\t<h2><a href=\"https:\/\/jennyisbaking.com\/de\/2025\/11\/14\/viele-plaetzchen-gleichzeitig-backen-plaetzchendose\/\">Wie backe ich viele verschiedene Pl\u00e4tzchen f\u00fcr eine Dose?<\/a><\/h2>\r\n\t\t\t\t\t\t\t\t\t\t\r\n\t\t\t\t<\/div>\r\n\t\t\t\t\r\n\t\t\t\t\t\t\t\t<span class=\"date\">14\/11\/2025<\/span>\r\n\t\t\t\t\t\t\t\t\r\n\t\t\t<\/article>\r\n\t\t\t<\/li>\r\n\t\t\r\n\t\t\t\t\t\r\n\t\t\t<li>\r\n\t\t\t<article id=\"post-11057\" class=\"grid-item post-11057 post type-post status-publish format-standard has-post-thumbnail hentry category-christmas category-cookies category-cookieskekseplatzchen category-weihnachten tag-eilig tag-ein-teig tag-einfach tag-fast tag-gleichzeitig tag-keine-zeit tag-many-cookies tag-no-time tag-one-dough tag-platzchen tag-quick tag-schnell tag-unkompliziert tag-viele-platzchen\">\r\n\t\t\t\t\r\n\t\t\t\t\t\t\t\t<div class=\"post-img\">\r\n\t\t\t\t\t\t\t\t\t\t<a href=\"https:\/\/jennyisbaking.com\/de\/2025\/11\/13\/5-cookies-one-dough\/\"><img loading=\"lazy\" decoding=\"async\" width=\"350\" height=\"460\" src=\"https:\/\/i0.wp.com\/jennyisbaking.com\/wp-1c174-content\/uploads\/2020\/11\/DSC01479.jpg?resize=350%2C460&amp;ssl=1\" class=\"attachment-sprout_spoon_misc-thumb size-sprout_spoon_misc-thumb wp-post-image\" alt=\"F\u00fcnf Pl\u00e4tzchen aus M\u00fcrbeteig f\u00fcr Eilige\" data-attachment-id=\"11228\" data-permalink=\"https:\/\/jennyisbaking.com\/de\/dsc01479\/\" data-orig-file=\"https:\/\/i0.wp.com\/jennyisbaking.com\/wp-1c174-content\/uploads\/2020\/11\/DSC01479.jpg?fit=534%2C801&amp;ssl=1\" data-orig-size=\"534,801\" data-comments-opened=\"1\" data-image-meta=\"{&quot;aperture&quot;:&quot;5&quot;,&quot;credit&quot;:&quot;Jennifer Warkentin&quot;,&quot;camera&quot;:&quot;ILCE-7&quot;,&quot;caption&quot;:&quot;&quot;,&quot;created_timestamp&quot;:&quot;1605366181&quot;,&quot;copyright&quot;:&quot;Jennifer Warkentin&quot;,&quot;focal_length&quot;:&quot;50&quot;,&quot;iso&quot;:&quot;640&quot;,&quot;shutter_speed&quot;:&quot;0.0125&quot;,&quot;title&quot;:&quot;&quot;,&quot;orientation&quot;:&quot;1&quot;}\" data-image-title=\"F\u00fcnf Pl\u00e4tzchen aus M\u00fcrbeteig f\u00fcr Eilige\" data-image-description=\"\" data-image-caption=\"\" data-large-file=\"https:\/\/i0.wp.com\/jennyisbaking.com\/wp-1c174-content\/uploads\/2020\/11\/DSC01479.jpg?fit=534%2C801&amp;ssl=1\" \/><\/a>\r\n\t\t\t\t\t\t\t\t\t<\/div>\r\n\t\t\t\t\t\t\t\t\r\n\t\t\t\t<div class=\"post-header\">\r\n\t\t\t\t\t\r\n\t\t\t\t\t\t\t\t\t\t\r\n\t\t\t\t\t\t\t\t\t\t<h2><a href=\"https:\/\/jennyisbaking.com\/de\/2025\/11\/13\/5-cookies-one-dough\/\">Rezepte f\u00fcr Eilige: 5 Pl\u00e4tzchen, 1 Teig<\/a><\/h2>\r\n\t\t\t\t\t\t\t\t\t\t\r\n\t\t\t\t<\/div>\r\n\t\t\t\t\r\n\t\t\t\t\t\t\t\t<span class=\"date\">13\/11\/2025<\/span>\r\n\t\t\t\t\t\t\t\t\r\n\t\t\t<\/article>\r\n\t\t\t<\/li>\r\n\t\t\r\n\t\t\t\t\t\r\n\t\t\t<li>\r\n\t\t\t<article id=\"post-18645\" class=\"grid-item post-18645 post type-post status-publish format-standard has-post-thumbnail hentry category-christmas category-cookies category-cookieskekseplatzchen category-weihnachten tag-no-cookie-press tag-ohne-presse tag-piping-back tag-spritz tag-spritz-cookie tag-spritz-cookies tag-spritzgebaeck\">\r\n\t\t\t\t\r\n\t\t\t\t\t\t\t\t<div class=\"post-img\">\r\n\t\t\t\t\t\t\t\t\t\t<a href=\"https:\/\/jennyisbaking.com\/de\/2025\/11\/12\/spritzgebaeck-mit-geheimzutat\/\"><img loading=\"lazy\" decoding=\"async\" width=\"350\" height=\"460\" src=\"https:\/\/i0.wp.com\/jennyisbaking.com\/wp-1c174-content\/uploads\/2025\/10\/Spritzgeback-ohne-Fleischwolf.jpg?resize=350%2C460&amp;ssl=1\" class=\"attachment-sprout_spoon_misc-thumb size-sprout_spoon_misc-thumb wp-post-image\" alt=\"\" data-attachment-id=\"18648\" data-permalink=\"https:\/\/jennyisbaking.com\/de\/2025\/11\/12\/spritzgebaeck-mit-geheimzutat\/spritzgeback-ohne-fleischwolf-2\/\" data-orig-file=\"https:\/\/i0.wp.com\/jennyisbaking.com\/wp-1c174-content\/uploads\/2025\/10\/Spritzgeback-ohne-Fleischwolf.jpg?fit=534%2C801&amp;ssl=1\" data-orig-size=\"534,801\" data-comments-opened=\"1\" data-image-meta=\"{&quot;aperture&quot;:&quot;0&quot;,&quot;credit&quot;:&quot;&quot;,&quot;camera&quot;:&quot;&quot;,&quot;caption&quot;:&quot;&quot;,&quot;created_timestamp&quot;:&quot;0&quot;,&quot;copyright&quot;:&quot;&quot;,&quot;focal_length&quot;:&quot;0&quot;,&quot;iso&quot;:&quot;0&quot;,&quot;shutter_speed&quot;:&quot;0&quot;,&quot;title&quot;:&quot;&quot;,&quot;orientation&quot;:&quot;0&quot;}\" data-image-title=\"Spritzgeba\u0308ck-ohne-Fleischwolf\" data-image-description=\"\" data-image-caption=\"\" data-large-file=\"https:\/\/i0.wp.com\/jennyisbaking.com\/wp-1c174-content\/uploads\/2025\/10\/Spritzgeback-ohne-Fleischwolf.jpg?fit=534%2C801&amp;ssl=1\" \/><\/a>\r\n\t\t\t\t\t\t\t\t\t<\/div>\r\n\t\t\t\t\t\t\t\t\r\n\t\t\t\t<div class=\"post-header\">\r\n\t\t\t\t\t\r\n\t\t\t\t\t\t\t\t\t\t\r\n\t\t\t\t\t\t\t\t\t\t<h2><a href=\"https:\/\/jennyisbaking.com\/de\/2025\/11\/12\/spritzgebaeck-mit-geheimzutat\/\">Zartschmelzendes Spritzgeb\u00e4ck mit einer Geheimzutat<\/a><\/h2>\r\n\t\t\t\t\t\t\t\t\t\t\r\n\t\t\t\t<\/div>\r\n\t\t\t\t\r\n\t\t\t\t\t\t\t\t<span class=\"date\">12\/11\/2025<\/span>\r\n\t\t\t\t\t\t\t\t\r\n\t\t\t<\/article>\r\n\t\t\t<\/li>\r\n\t\t\r\n\t\t\t\t\r\n\t\t<\/ul>\r\n\t\t\r\n\t\t\t\t\r\n\t\t\t\r\n\t\n\t\t\r\n\t\t\t\t\r\n\t\t\t\t<h4 class=\"index-heading\"><span>Im Schokohimmel<\/span>\r\n\t\t\t\t<a href=\"https:\/\/jennyisbaking.com\/de\/category\/everything-chocolate\/\">Alle Schokorezepte <i class=\"fa fa-angle-double-right\"><\/i><\/a>\r\n\t\t\t\t<\/h4>\r\n\t\t\t\t\r\n\t\t\t\t\r\n\t\t\t\r\n\t\t\t<ul class=\"sp-grid col4\">\r\n\t\t\t\t\r\n\t\t\t\t\t\r\n\t\t\t<li>\r\n\t\t\t<article id=\"post-19873\" class=\"grid-item post-19873 post type-post status-publish format-standard has-post-thumbnail hentry category-cakes category-everything-chocolate category-north-american-recipes tag-american tag-amerikanisch tag-best tag-beste tag-bestes tag-brownie tag-brownies tag-chocolate tag-crust tag-glanzend tag-kruste tag-recipe tag-rezept tag-schokolade tag-shiny tag-us tag-usa\">\r\n\t\t\t\t\r\n\t\t\t\t\t\t\t\t<div class=\"post-img\">\r\n\t\t\t\t\t\t\t\t\t\t<a href=\"https:\/\/jennyisbaking.com\/de\/2026\/08\/21\/meine-liebsten-brownies-rezept\/\"><img loading=\"lazy\" decoding=\"async\" width=\"350\" height=\"460\" src=\"https:\/\/i0.wp.com\/jennyisbaking.com\/wp-1c174-content\/uploads\/2026\/07\/Beste-Brownies-Rezept.jpg?resize=350%2C460&amp;ssl=1\" class=\"attachment-sprout_spoon_misc-thumb size-sprout_spoon_misc-thumb wp-post-image\" alt=\"\" data-attachment-id=\"19874\" data-permalink=\"https:\/\/jennyisbaking.com\/de\/2026\/08\/21\/meine-liebsten-brownies-rezept\/beste-brownies-rezept\/\" data-orig-file=\"https:\/\/i0.wp.com\/jennyisbaking.com\/wp-1c174-content\/uploads\/2026\/07\/Beste-Brownies-Rezept.jpg?fit=534%2C801&amp;ssl=1\" data-orig-size=\"534,801\" data-comments-opened=\"1\" data-image-meta=\"{&quot;aperture&quot;:&quot;0&quot;,&quot;credit&quot;:&quot;&quot;,&quot;camera&quot;:&quot;&quot;,&quot;caption&quot;:&quot;&quot;,&quot;created_timestamp&quot;:&quot;0&quot;,&quot;copyright&quot;:&quot;&quot;,&quot;focal_length&quot;:&quot;0&quot;,&quot;iso&quot;:&quot;0&quot;,&quot;shutter_speed&quot;:&quot;0&quot;,&quot;title&quot;:&quot;&quot;,&quot;orientation&quot;:&quot;0&quot;,&quot;alt&quot;:&quot;&quot;}\" data-image-title=\"Beste-Brownies-Rezept\" data-image-description=\"\" data-image-caption=\"\" data-large-file=\"https:\/\/i0.wp.com\/jennyisbaking.com\/wp-1c174-content\/uploads\/2026\/07\/Beste-Brownies-Rezept.jpg?fit=534%2C801&amp;ssl=1\" \/><\/a>\r\n\t\t\t\t\t\t\t\t\t<\/div>\r\n\t\t\t\t\t\t\t\t\r\n\t\t\t\t<div class=\"post-header\">\r\n\t\t\t\t\t\r\n\t\t\t\t\t\t\t\t\t\t\r\n\t\t\t\t\t\t\t\t\t\t<h2><a href=\"https:\/\/jennyisbaking.com\/de\/2026\/08\/21\/meine-liebsten-brownies-rezept\/\">Mein liebstes Brownies-Rezept<\/a><\/h2>\r\n\t\t\t\t\t\t\t\t\t\t\r\n\t\t\t\t<\/div>\r\n\t\t\t\t\r\n\t\t\t\t\t\t\t\t<span class=\"date\">21\/08\/2026<\/span>\r\n\t\t\t\t\t\t\t\t\r\n\t\t\t<\/article>\r\n\t\t\t<\/li>\r\n\t\t\r\n\t\t\t\t\t\r\n\t\t\t<li>\r\n\t\t\t<article id=\"post-19552\" class=\"grid-item post-19552 post type-post status-publish format-standard has-post-thumbnail hentry category-everything-chocolate category-mothers-day category-pies-and-tarts category-spring category-summer tag-ganache tag-himbeer-schoko-tarte tag-himbeer-tarte tag-raspberries tag-raspberry tag-raspberry-tart tag-tart tag-tarte\">\r\n\t\t\t\t\r\n\t\t\t\t\t\t\t\t<div class=\"post-img\">\r\n\t\t\t\t\t\t\t\t\t\t<a href=\"https:\/\/jennyisbaking.com\/de\/2026\/04\/28\/rezept-fur-himbeer-schoko-tarte\/\"><img loading=\"lazy\" decoding=\"async\" width=\"350\" height=\"460\" src=\"https:\/\/i0.wp.com\/jennyisbaking.com\/wp-1c174-content\/uploads\/2026\/04\/Himbeer-Schoko-Tarte-2.jpg?resize=350%2C460&amp;ssl=1\" class=\"attachment-sprout_spoon_misc-thumb size-sprout_spoon_misc-thumb wp-post-image\" alt=\"\" data-attachment-id=\"19553\" data-permalink=\"https:\/\/jennyisbaking.com\/de\/2026\/04\/28\/rezept-fur-himbeer-schoko-tarte\/himbeer-schoko-tarte-2\/\" data-orig-file=\"https:\/\/i0.wp.com\/jennyisbaking.com\/wp-1c174-content\/uploads\/2026\/04\/Himbeer-Schoko-Tarte-2.jpg?fit=534%2C801&amp;ssl=1\" data-orig-size=\"534,801\" data-comments-opened=\"1\" data-image-meta=\"{&quot;aperture&quot;:&quot;0&quot;,&quot;credit&quot;:&quot;&quot;,&quot;camera&quot;:&quot;&quot;,&quot;caption&quot;:&quot;&quot;,&quot;created_timestamp&quot;:&quot;0&quot;,&quot;copyright&quot;:&quot;&quot;,&quot;focal_length&quot;:&quot;0&quot;,&quot;iso&quot;:&quot;0&quot;,&quot;shutter_speed&quot;:&quot;0&quot;,&quot;title&quot;:&quot;&quot;,&quot;orientation&quot;:&quot;0&quot;}\" data-image-title=\"Himbeer-Schoko-Tarte-2\" data-image-description=\"\" data-image-caption=\"\" data-large-file=\"https:\/\/i0.wp.com\/jennyisbaking.com\/wp-1c174-content\/uploads\/2026\/04\/Himbeer-Schoko-Tarte-2.jpg?fit=534%2C801&amp;ssl=1\" \/><\/a>\r\n\t\t\t\t\t\t\t\t\t<\/div>\r\n\t\t\t\t\t\t\t\t\r\n\t\t\t\t<div class=\"post-header\">\r\n\t\t\t\t\t\r\n\t\t\t\t\t\t\t\t\t\t\r\n\t\t\t\t\t\t\t\t\t\t<h2><a href=\"https:\/\/jennyisbaking.com\/de\/2026\/04\/28\/rezept-fur-himbeer-schoko-tarte\/\">Rezepte zum Muttertag: Dekadente Schoko-Himbeer-Tarte<\/a><\/h2>\r\n\t\t\t\t\t\t\t\t\t\t\r\n\t\t\t\t<\/div>\r\n\t\t\t\t\r\n\t\t\t\t\t\t\t\t<span class=\"date\">28\/04\/2026<\/span>\r\n\t\t\t\t\t\t\t\t\r\n\t\t\t<\/article>\r\n\t\t\t<\/li>\r\n\t\t\r\n\t\t\t\t\t\r\n\t\t\t<li>\r\n\t\t\t<article id=\"post-19160\" class=\"grid-item post-19160 post type-post status-publish format-standard has-post-thumbnail hentry category-brazil category-cakes category-everything-chocolate category-latin-american-recipes category-mothers-day tag-bolo tag-bolo-nega-maluca tag-brasilien tag-brazil tag-chocolate tag-chocolate-cake tag-schoko tag-schokolade\">\r\n\t\t\t\t\r\n\t\t\t\t\t\t\t\t<div class=\"post-img\">\r\n\t\t\t\t\t\t\t\t\t\t<a href=\"https:\/\/jennyisbaking.com\/de\/2026\/01\/23\/bolo-nega-maluca-aus-brasilien\/\"><img loading=\"lazy\" decoding=\"async\" width=\"350\" height=\"460\" src=\"https:\/\/i0.wp.com\/jennyisbaking.com\/wp-1c174-content\/uploads\/2026\/01\/Bolo-nega-maluca-aus-Brasilien.jpg?resize=350%2C460&amp;ssl=1\" class=\"attachment-sprout_spoon_misc-thumb size-sprout_spoon_misc-thumb wp-post-image\" alt=\"\" data-attachment-id=\"19161\" data-permalink=\"https:\/\/jennyisbaking.com\/de\/2026\/01\/23\/bolo-nega-maluca-aus-brasilien\/bolo-nega-maluca-aus-brasilien\/\" data-orig-file=\"https:\/\/i0.wp.com\/jennyisbaking.com\/wp-1c174-content\/uploads\/2026\/01\/Bolo-nega-maluca-aus-Brasilien.jpg?fit=534%2C801&amp;ssl=1\" data-orig-size=\"534,801\" data-comments-opened=\"1\" data-image-meta=\"{&quot;aperture&quot;:&quot;0&quot;,&quot;credit&quot;:&quot;&quot;,&quot;camera&quot;:&quot;&quot;,&quot;caption&quot;:&quot;&quot;,&quot;created_timestamp&quot;:&quot;0&quot;,&quot;copyright&quot;:&quot;&quot;,&quot;focal_length&quot;:&quot;0&quot;,&quot;iso&quot;:&quot;0&quot;,&quot;shutter_speed&quot;:&quot;0&quot;,&quot;title&quot;:&quot;&quot;,&quot;orientation&quot;:&quot;0&quot;}\" data-image-title=\"Bolo-nega-maluca-aus-Brasilien\" data-image-description=\"\" data-image-caption=\"\" data-large-file=\"https:\/\/i0.wp.com\/jennyisbaking.com\/wp-1c174-content\/uploads\/2026\/01\/Bolo-nega-maluca-aus-Brasilien.jpg?fit=534%2C801&amp;ssl=1\" \/><\/a>\r\n\t\t\t\t\t\t\t\t\t<\/div>\r\n\t\t\t\t\t\t\t\t\r\n\t\t\t\t<div class=\"post-header\">\r\n\t\t\t\t\t\r\n\t\t\t\t\t\t\t\t\t\t\r\n\t\t\t\t\t\t\t\t\t\t<h2><a href=\"https:\/\/jennyisbaking.com\/de\/2026\/01\/23\/bolo-nega-maluca-aus-brasilien\/\">Einfacher Schokokuchen aus Brasilien: bolo nega maluca<\/a><\/h2>\r\n\t\t\t\t\t\t\t\t\t\t\r\n\t\t\t\t<\/div>\r\n\t\t\t\t\r\n\t\t\t\t\t\t\t\t<span class=\"date\">23\/01\/2026<\/span>\r\n\t\t\t\t\t\t\t\t\r\n\t\t\t<\/article>\r\n\t\t\t<\/li>\r\n\t\t\r\n\t\t\t\t\t\r\n\t\t\t<li>\r\n\t\t\t<article id=\"post-18397\" class=\"grid-item post-18397 post type-post status-publish format-standard has-post-thumbnail hentry category-all-seasons category-cakes category-everything-chocolate category-im-schokohimmel category-jederzeit category-kuchen tag-caramel tag-chocolate tag-erdnuss tag-karamell tag-layer-cake tag-peanut-butter tag-schoko tag-schokolade tag-snickers tag-snickers-cake tag-snickers-torte\">\r\n\t\t\t\t\r\n\t\t\t\t\t\t\t\t<div class=\"post-img\">\r\n\t\t\t\t\t\t\t\t\t\t<a href=\"https:\/\/jennyisbaking.com\/de\/2025\/09\/05\/dekadente-snickers-torte\/\"><img loading=\"lazy\" decoding=\"async\" width=\"350\" height=\"460\" src=\"https:\/\/i0.wp.com\/jennyisbaking.com\/wp-1c174-content\/uploads\/2025\/08\/Snickers-Torte-1-1.jpg?resize=350%2C460&amp;ssl=1\" class=\"attachment-sprout_spoon_misc-thumb size-sprout_spoon_misc-thumb wp-post-image\" alt=\"\" data-attachment-id=\"18420\" data-permalink=\"https:\/\/jennyisbaking.com\/de\/2025\/09\/05\/dekadente-snickers-torte\/snickers-torte-1-2\/\" data-orig-file=\"https:\/\/i0.wp.com\/jennyisbaking.com\/wp-1c174-content\/uploads\/2025\/08\/Snickers-Torte-1-1.jpg?fit=534%2C801&amp;ssl=1\" data-orig-size=\"534,801\" data-comments-opened=\"1\" data-image-meta=\"{&quot;aperture&quot;:&quot;0&quot;,&quot;credit&quot;:&quot;&quot;,&quot;camera&quot;:&quot;&quot;,&quot;caption&quot;:&quot;&quot;,&quot;created_timestamp&quot;:&quot;0&quot;,&quot;copyright&quot;:&quot;&quot;,&quot;focal_length&quot;:&quot;0&quot;,&quot;iso&quot;:&quot;0&quot;,&quot;shutter_speed&quot;:&quot;0&quot;,&quot;title&quot;:&quot;&quot;,&quot;orientation&quot;:&quot;0&quot;}\" data-image-title=\"Snickers-Torte-1\" data-image-description=\"\" data-image-caption=\"\" data-large-file=\"https:\/\/i0.wp.com\/jennyisbaking.com\/wp-1c174-content\/uploads\/2025\/08\/Snickers-Torte-1-1.jpg?fit=534%2C801&amp;ssl=1\" \/><\/a>\r\n\t\t\t\t\t\t\t\t\t<\/div>\r\n\t\t\t\t\t\t\t\t\r\n\t\t\t\t<div class=\"post-header\">\r\n\t\t\t\t\t\r\n\t\t\t\t\t\t\t\t\t\t\r\n\t\t\t\t\t\t\t\t\t\t<h2><a href=\"https:\/\/jennyisbaking.com\/de\/2025\/09\/05\/dekadente-snickers-torte\/\">Bombastische Snickers-Torte<\/a><\/h2>\r\n\t\t\t\t\t\t\t\t\t\t\r\n\t\t\t\t<\/div>\r\n\t\t\t\t\r\n\t\t\t\t\t\t\t\t<span class=\"date\">05\/09\/2025<\/span>\r\n\t\t\t\t\t\t\t\t\r\n\t\t\t<\/article>\r\n\t\t\t<\/li>\r\n\t\t\r\n\t\t\t\t\r\n\t\t<\/ul>\r\n\t\t\r\n\t\t\t\t\r\n\t\t\t\r\n\t\n\t\t\r\n\t\t\t\t\r\n\t\t\t\t<h4 class=\"index-heading\"><span>Pies und Tartes<\/span>\r\n\t\t\t\t<a href=\"https:\/\/jennyisbaking.com\/de\/category\/pies-and-tarts\/\">Alle Pie-Rezepte <i class=\"fa fa-angle-double-right\"><\/i><\/a>\r\n\t\t\t\t<\/h4>\r\n\t\t\t\t\r\n\t\t\t\t\r\n\t\t\t\r\n\t\t\t<ul class=\"sp-grid col4\">\r\n\t\t\t\t\r\n\t\t\t\t\t\r\n\t\t\t<li>\r\n\t\t\t<article id=\"post-19533\" class=\"grid-item post-19533 post type-post status-publish format-standard has-post-thumbnail hentry category-all-seasons category-pies-and-tarts category-summer tag-curd tag-himbeer-curd tag-himbeer-curd-tarte tag-himbeer-tarte tag-himbeeren tag-raspberries tag-raspberry-curd tag-tart tag-tarte\">\r\n\t\t\t\t\r\n\t\t\t\t\t\t\t\t<div class=\"post-img\">\r\n\t\t\t\t\t\t\t\t\t\t<a href=\"https:\/\/jennyisbaking.com\/de\/2026\/07\/10\/himbeer-curd-tarte\/\"><img loading=\"lazy\" decoding=\"async\" width=\"350\" height=\"460\" src=\"https:\/\/i0.wp.com\/jennyisbaking.com\/wp-1c174-content\/uploads\/2026\/04\/Himbeer-Curd-Tarte.jpg?resize=350%2C460&amp;ssl=1\" class=\"attachment-sprout_spoon_misc-thumb size-sprout_spoon_misc-thumb wp-post-image\" alt=\"\" data-attachment-id=\"19538\" data-permalink=\"https:\/\/jennyisbaking.com\/de\/2026\/07\/10\/himbeer-curd-tarte\/himbeer-curd-tarte\/\" data-orig-file=\"https:\/\/i0.wp.com\/jennyisbaking.com\/wp-1c174-content\/uploads\/2026\/04\/Himbeer-Curd-Tarte.jpg?fit=534%2C801&amp;ssl=1\" data-orig-size=\"534,801\" data-comments-opened=\"1\" data-image-meta=\"{&quot;aperture&quot;:&quot;0&quot;,&quot;credit&quot;:&quot;&quot;,&quot;camera&quot;:&quot;&quot;,&quot;caption&quot;:&quot;&quot;,&quot;created_timestamp&quot;:&quot;0&quot;,&quot;copyright&quot;:&quot;&quot;,&quot;focal_length&quot;:&quot;0&quot;,&quot;iso&quot;:&quot;0&quot;,&quot;shutter_speed&quot;:&quot;0&quot;,&quot;title&quot;:&quot;&quot;,&quot;orientation&quot;:&quot;0&quot;}\" data-image-title=\"Himbeer-Curd-Tarte\" data-image-description=\"\" data-image-caption=\"\" data-large-file=\"https:\/\/i0.wp.com\/jennyisbaking.com\/wp-1c174-content\/uploads\/2026\/04\/Himbeer-Curd-Tarte.jpg?fit=534%2C801&amp;ssl=1\" \/><\/a>\r\n\t\t\t\t\t\t\t\t\t<\/div>\r\n\t\t\t\t\t\t\t\t\r\n\t\t\t\t<div class=\"post-header\">\r\n\t\t\t\t\t\r\n\t\t\t\t\t\t\t\t\t\t\r\n\t\t\t\t\t\t\t\t\t\t<h2><a href=\"https:\/\/jennyisbaking.com\/de\/2026\/07\/10\/himbeer-curd-tarte\/\">Himbeer-Curd-Tarte<\/a><\/h2>\r\n\t\t\t\t\t\t\t\t\t\t\r\n\t\t\t\t<\/div>\r\n\t\t\t\t\r\n\t\t\t\t\t\t\t\t<span class=\"date\">10\/07\/2026<\/span>\r\n\t\t\t\t\t\t\t\t\r\n\t\t\t<\/article>\r\n\t\t\t<\/li>\r\n\t\t\r\n\t\t\t\t\t\r\n\t\t\t<li>\r\n\t\t\t<article id=\"post-19494\" class=\"grid-item post-19494 post type-post status-publish format-standard has-post-thumbnail hentry category-all-seasons category-pies-and-tarts category-savory tag-empanada tag-empanada-gallega tag-galicia tag-galicien tag-galizien tag-gallego tag-spain tag-spanien tag-spanisch tag-spanish\">\r\n\t\t\t\t\r\n\t\t\t\t\t\t\t\t<div class=\"post-img\">\r\n\t\t\t\t\t\t\t\t\t\t<a href=\"https:\/\/jennyisbaking.com\/de\/2026\/05\/22\/klassische-empanada-gallega-mit-thunfisch-und-paprika\/\"><img loading=\"lazy\" decoding=\"async\" width=\"350\" height=\"460\" src=\"https:\/\/i0.wp.com\/jennyisbaking.com\/wp-1c174-content\/uploads\/2026\/04\/Klassische-empanada-gallega.jpg?resize=350%2C460&amp;ssl=1\" class=\"attachment-sprout_spoon_misc-thumb size-sprout_spoon_misc-thumb wp-post-image\" alt=\"\" srcset=\"https:\/\/i0.wp.com\/jennyisbaking.com\/wp-1c174-content\/uploads\/2026\/04\/Klassische-empanada-gallega.jpg?resize=350%2C460&amp;ssl=1 350w, https:\/\/i0.wp.com\/jennyisbaking.com\/wp-1c174-content\/uploads\/2026\/04\/Klassische-empanada-gallega.jpg?zoom=2&amp;resize=350%2C460&amp;ssl=1 700w\" sizes=\"auto, (max-width: 350px) 100vw, 350px\" data-attachment-id=\"19496\" data-permalink=\"https:\/\/jennyisbaking.com\/de\/2026\/05\/22\/klassische-empanada-gallega-mit-thunfisch-und-paprika\/klassische-empanada-gallega\/\" data-orig-file=\"https:\/\/i0.wp.com\/jennyisbaking.com\/wp-1c174-content\/uploads\/2026\/04\/Klassische-empanada-gallega.jpg?fit=801%2C534&amp;ssl=1\" data-orig-size=\"801,534\" data-comments-opened=\"1\" data-image-meta=\"{&quot;aperture&quot;:&quot;0&quot;,&quot;credit&quot;:&quot;&quot;,&quot;camera&quot;:&quot;&quot;,&quot;caption&quot;:&quot;&quot;,&quot;created_timestamp&quot;:&quot;0&quot;,&quot;copyright&quot;:&quot;&quot;,&quot;focal_length&quot;:&quot;0&quot;,&quot;iso&quot;:&quot;0&quot;,&quot;shutter_speed&quot;:&quot;0&quot;,&quot;title&quot;:&quot;&quot;,&quot;orientation&quot;:&quot;0&quot;}\" data-image-title=\"Klassische-empanada-gallega\" data-image-description=\"\" data-image-caption=\"\" data-large-file=\"https:\/\/i0.wp.com\/jennyisbaking.com\/wp-1c174-content\/uploads\/2026\/04\/Klassische-empanada-gallega.jpg?fit=801%2C534&amp;ssl=1\" \/><\/a>\r\n\t\t\t\t\t\t\t\t\t<\/div>\r\n\t\t\t\t\t\t\t\t\r\n\t\t\t\t<div class=\"post-header\">\r\n\t\t\t\t\t\r\n\t\t\t\t\t\t\t\t\t\t\r\n\t\t\t\t\t\t\t\t\t\t<h2><a href=\"https:\/\/jennyisbaking.com\/de\/2026\/05\/22\/klassische-empanada-gallega-mit-thunfisch-und-paprika\/\">Klassische Empanada Gallega mit Thunfisch und Paprika<\/a><\/h2>\r\n\t\t\t\t\t\t\t\t\t\t\r\n\t\t\t\t<\/div>\r\n\t\t\t\t\r\n\t\t\t\t\t\t\t\t<span class=\"date\">22\/05\/2026<\/span>\r\n\t\t\t\t\t\t\t\t\r\n\t\t\t<\/article>\r\n\t\t\t<\/li>\r\n\t\t\r\n\t\t\t\t\t\r\n\t\t\t<li>\r\n\t\t\t<article id=\"post-19646\" class=\"grid-item post-19646 post type-post status-publish format-standard has-post-thumbnail hentry category-all-seasons category-north-american-recipes category-pies-and-tarts category-spring category-summer tag-lemon tag-lemon-pie tag-pie tag-tart tag-tarte tag-zitrome tag-zitronen-pie tag-zitronen-tarte\">\r\n\t\t\t\t\r\n\t\t\t\t\t\t\t\t<div class=\"post-img\">\r\n\t\t\t\t\t\t\t\t\t\t<a href=\"https:\/\/jennyisbaking.com\/de\/2026\/05\/15\/vereinfachter-lemon-pie\/\"><img loading=\"lazy\" decoding=\"async\" width=\"350\" height=\"460\" src=\"https:\/\/i0.wp.com\/jennyisbaking.com\/wp-1c174-content\/uploads\/2026\/05\/Vereinfachter-Lemon-Pie.jpg?resize=350%2C460&amp;ssl=1\" class=\"attachment-sprout_spoon_misc-thumb size-sprout_spoon_misc-thumb wp-post-image\" alt=\"\" data-attachment-id=\"19650\" data-permalink=\"https:\/\/jennyisbaking.com\/de\/2026\/05\/15\/vereinfachter-lemon-pie\/vereinfachter-lemon-pie\/\" data-orig-file=\"https:\/\/i0.wp.com\/jennyisbaking.com\/wp-1c174-content\/uploads\/2026\/05\/Vereinfachter-Lemon-Pie.jpg?fit=534%2C801&amp;ssl=1\" data-orig-size=\"534,801\" data-comments-opened=\"1\" data-image-meta=\"{&quot;aperture&quot;:&quot;0&quot;,&quot;credit&quot;:&quot;&quot;,&quot;camera&quot;:&quot;&quot;,&quot;caption&quot;:&quot;&quot;,&quot;created_timestamp&quot;:&quot;0&quot;,&quot;copyright&quot;:&quot;&quot;,&quot;focal_length&quot;:&quot;0&quot;,&quot;iso&quot;:&quot;0&quot;,&quot;shutter_speed&quot;:&quot;0&quot;,&quot;title&quot;:&quot;&quot;,&quot;orientation&quot;:&quot;0&quot;}\" data-image-title=\"Vereinfachter-Lemon-Pie\" data-image-description=\"\" data-image-caption=\"\" data-large-file=\"https:\/\/i0.wp.com\/jennyisbaking.com\/wp-1c174-content\/uploads\/2026\/05\/Vereinfachter-Lemon-Pie.jpg?fit=534%2C801&amp;ssl=1\" \/><\/a>\r\n\t\t\t\t\t\t\t\t\t<\/div>\r\n\t\t\t\t\t\t\t\t\r\n\t\t\t\t<div class=\"post-header\">\r\n\t\t\t\t\t\r\n\t\t\t\t\t\t\t\t\t\t\r\n\t\t\t\t\t\t\t\t\t\t<h2><a href=\"https:\/\/jennyisbaking.com\/de\/2026\/05\/15\/vereinfachter-lemon-pie\/\">Vereinfachter Lemon-Pie<\/a><\/h2>\r\n\t\t\t\t\t\t\t\t\t\t\r\n\t\t\t\t<\/div>\r\n\t\t\t\t\r\n\t\t\t\t\t\t\t\t<span class=\"date\">15\/05\/2026<\/span>\r\n\t\t\t\t\t\t\t\t\r\n\t\t\t<\/article>\r\n\t\t\t<\/li>\r\n\t\t\r\n\t\t\t\t\t\r\n\t\t\t<li>\r\n\t\t\t<article id=\"post-19552\" class=\"grid-item post-19552 post type-post status-publish format-standard has-post-thumbnail hentry category-everything-chocolate category-mothers-day category-pies-and-tarts category-spring category-summer tag-ganache tag-himbeer-schoko-tarte tag-himbeer-tarte tag-raspberries tag-raspberry tag-raspberry-tart tag-tart tag-tarte\">\r\n\t\t\t\t\r\n\t\t\t\t\t\t\t\t<div class=\"post-img\">\r\n\t\t\t\t\t\t\t\t\t\t<a href=\"https:\/\/jennyisbaking.com\/de\/2026\/04\/28\/rezept-fur-himbeer-schoko-tarte\/\"><img loading=\"lazy\" decoding=\"async\" width=\"350\" height=\"460\" src=\"https:\/\/i0.wp.com\/jennyisbaking.com\/wp-1c174-content\/uploads\/2026\/04\/Himbeer-Schoko-Tarte-2.jpg?resize=350%2C460&amp;ssl=1\" class=\"attachment-sprout_spoon_misc-thumb size-sprout_spoon_misc-thumb wp-post-image\" alt=\"\" data-attachment-id=\"19553\" data-permalink=\"https:\/\/jennyisbaking.com\/de\/2026\/04\/28\/rezept-fur-himbeer-schoko-tarte\/himbeer-schoko-tarte-2\/\" data-orig-file=\"https:\/\/i0.wp.com\/jennyisbaking.com\/wp-1c174-content\/uploads\/2026\/04\/Himbeer-Schoko-Tarte-2.jpg?fit=534%2C801&amp;ssl=1\" data-orig-size=\"534,801\" data-comments-opened=\"1\" data-image-meta=\"{&quot;aperture&quot;:&quot;0&quot;,&quot;credit&quot;:&quot;&quot;,&quot;camera&quot;:&quot;&quot;,&quot;caption&quot;:&quot;&quot;,&quot;created_timestamp&quot;:&quot;0&quot;,&quot;copyright&quot;:&quot;&quot;,&quot;focal_length&quot;:&quot;0&quot;,&quot;iso&quot;:&quot;0&quot;,&quot;shutter_speed&quot;:&quot;0&quot;,&quot;title&quot;:&quot;&quot;,&quot;orientation&quot;:&quot;0&quot;}\" data-image-title=\"Himbeer-Schoko-Tarte-2\" data-image-description=\"\" data-image-caption=\"\" data-large-file=\"https:\/\/i0.wp.com\/jennyisbaking.com\/wp-1c174-content\/uploads\/2026\/04\/Himbeer-Schoko-Tarte-2.jpg?fit=534%2C801&amp;ssl=1\" \/><\/a>\r\n\t\t\t\t\t\t\t\t\t<\/div>\r\n\t\t\t\t\t\t\t\t\r\n\t\t\t\t<div class=\"post-header\">\r\n\t\t\t\t\t\r\n\t\t\t\t\t\t\t\t\t\t\r\n\t\t\t\t\t\t\t\t\t\t<h2><a href=\"https:\/\/jennyisbaking.com\/de\/2026\/04\/28\/rezept-fur-himbeer-schoko-tarte\/\">Rezepte zum Muttertag: Dekadente Schoko-Himbeer-Tarte<\/a><\/h2>\r\n\t\t\t\t\t\t\t\t\t\t\r\n\t\t\t\t<\/div>\r\n\t\t\t\t\r\n\t\t\t\t\t\t\t\t<span class=\"date\">28\/04\/2026<\/span>\r\n\t\t\t\t\t\t\t\t\r\n\t\t\t<\/article>\r\n\t\t\t<\/li>\r\n\t\t\r\n\t\t\t\t\r\n\t\t<\/ul>\r\n\t\t\r\n\t\t\t\t\r\n\t\t\t\r\n\t\n\t\t\r\n\t\t\t\t\r\n\t\t\t\t<h4 class=\"index-heading\"><span>Desserts<\/span>\r\n\t\t\t\t<a href=\"https:\/\/jennyisbaking.com\/de\/category\/dessert\/\">Alle Dessert-Rezepte <i class=\"fa fa-angle-double-right\"><\/i><\/a>\r\n\t\t\t\t<\/h4>\r\n\t\t\t\t\r\n\t\t\t\t\r\n\t\t\t\r\n\t\t\t<ul class=\"sp-grid col4\">\r\n\t\t\t\t\r\n\t\t\t\t\t\r\n\t\t\t<li>\r\n\t\t\t<article id=\"post-19776\" class=\"grid-item post-19776 post type-post status-publish format-standard has-post-thumbnail hentry category-argentina-and-uruguay category-dessert category-latin-american-recipes tag-dessert tag-dulce-de-leche tag-gran-canaria tag-layer-dessert tag-polvito-urugayo tag-schichtdessert tag-uruguay-de\">\r\n\t\t\t\t\r\n\t\t\t\t\t\t\t\t<div class=\"post-img\">\r\n\t\t\t\t\t\t\t\t\t\t<a href=\"https:\/\/jennyisbaking.com\/de\/2026\/07\/03\/schichtdessert-polvito-uruguayo\/\"><img loading=\"lazy\" decoding=\"async\" width=\"350\" height=\"460\" src=\"https:\/\/i0.wp.com\/jennyisbaking.com\/wp-1c174-content\/uploads\/2026\/06\/Rezept-polvito-uruguayo.jpg?resize=350%2C460&amp;ssl=1\" class=\"attachment-sprout_spoon_misc-thumb size-sprout_spoon_misc-thumb wp-post-image\" alt=\"\" data-attachment-id=\"19796\" data-permalink=\"https:\/\/jennyisbaking.com\/de\/2026\/07\/03\/schichtdessert-polvito-uruguayo\/rezept-polvito-uruguayo\/\" data-orig-file=\"https:\/\/i0.wp.com\/jennyisbaking.com\/wp-1c174-content\/uploads\/2026\/06\/Rezept-polvito-uruguayo.jpg?fit=534%2C801&amp;ssl=1\" data-orig-size=\"534,801\" data-comments-opened=\"1\" data-image-meta=\"{&quot;aperture&quot;:&quot;0&quot;,&quot;credit&quot;:&quot;&quot;,&quot;camera&quot;:&quot;&quot;,&quot;caption&quot;:&quot;&quot;,&quot;created_timestamp&quot;:&quot;0&quot;,&quot;copyright&quot;:&quot;&quot;,&quot;focal_length&quot;:&quot;0&quot;,&quot;iso&quot;:&quot;0&quot;,&quot;shutter_speed&quot;:&quot;0&quot;,&quot;title&quot;:&quot;&quot;,&quot;orientation&quot;:&quot;0&quot;,&quot;alt&quot;:&quot;&quot;}\" data-image-title=\"Rezept-polvito-uruguayo\" data-image-description=\"\" data-image-caption=\"\" data-large-file=\"https:\/\/i0.wp.com\/jennyisbaking.com\/wp-1c174-content\/uploads\/2026\/06\/Rezept-polvito-uruguayo.jpg?fit=534%2C801&amp;ssl=1\" \/><\/a>\r\n\t\t\t\t\t\t\t\t\t<\/div>\r\n\t\t\t\t\t\t\t\t\r\n\t\t\t\t<div class=\"post-header\">\r\n\t\t\t\t\t\r\n\t\t\t\t\t\t\t\t\t\t\r\n\t\t\t\t\t\t\t\t\t\t<h2><a href=\"https:\/\/jennyisbaking.com\/de\/2026\/07\/03\/schichtdessert-polvito-uruguayo\/\">Schichtdessert polvito uruguayo<\/a><\/h2>\r\n\t\t\t\t\t\t\t\t\t\t\r\n\t\t\t\t<\/div>\r\n\t\t\t\t\r\n\t\t\t\t\t\t\t\t<span class=\"date\">03\/07\/2026<\/span>\r\n\t\t\t\t\t\t\t\t\r\n\t\t\t<\/article>\r\n\t\t\t<\/li>\r\n\t\t\r\n\t\t\t\t\t\r\n\t\t\t<li>\r\n\t\t\t<article id=\"post-19574\" class=\"grid-item post-19574 post type-post status-publish format-standard has-post-thumbnail hentry category-all-seasons category-argentina-and-uruguay category-dessert category-latin-american-recipes tag-argentina tag-argentinien tag-argentinisch tag-betrunkenes-dessert tag-dessert tag-layer-dessert tag-postre-borracho tag-schichtdessert\">\r\n\t\t\t\t\r\n\t\t\t\t\t\t\t\t<div class=\"post-img\">\r\n\t\t\t\t\t\t\t\t\t\t<a href=\"https:\/\/jennyisbaking.com\/de\/2026\/06\/03\/postre-borracho-betrunkenes-dessert-aus-argentinien\/\"><img loading=\"lazy\" decoding=\"async\" width=\"350\" height=\"460\" src=\"https:\/\/i0.wp.com\/jennyisbaking.com\/wp-1c174-content\/uploads\/2026\/04\/Postre-borracho-aus-Argentinien.jpg?resize=350%2C460&amp;ssl=1\" class=\"attachment-sprout_spoon_misc-thumb size-sprout_spoon_misc-thumb wp-post-image\" alt=\"\" data-attachment-id=\"19576\" data-permalink=\"https:\/\/jennyisbaking.com\/de\/2026\/06\/03\/postre-borracho-betrunkenes-dessert-aus-argentinien\/postre-borracho-aus-argentinien\/\" data-orig-file=\"https:\/\/i0.wp.com\/jennyisbaking.com\/wp-1c174-content\/uploads\/2026\/04\/Postre-borracho-aus-Argentinien.jpg?fit=534%2C801&amp;ssl=1\" data-orig-size=\"534,801\" data-comments-opened=\"1\" data-image-meta=\"{&quot;aperture&quot;:&quot;0&quot;,&quot;credit&quot;:&quot;&quot;,&quot;camera&quot;:&quot;&quot;,&quot;caption&quot;:&quot;&quot;,&quot;created_timestamp&quot;:&quot;0&quot;,&quot;copyright&quot;:&quot;&quot;,&quot;focal_length&quot;:&quot;0&quot;,&quot;iso&quot;:&quot;0&quot;,&quot;shutter_speed&quot;:&quot;0&quot;,&quot;title&quot;:&quot;&quot;,&quot;orientation&quot;:&quot;0&quot;}\" data-image-title=\"Postre-borracho-aus-Argentinien\" data-image-description=\"\" data-image-caption=\"\" data-large-file=\"https:\/\/i0.wp.com\/jennyisbaking.com\/wp-1c174-content\/uploads\/2026\/04\/Postre-borracho-aus-Argentinien.jpg?fit=534%2C801&amp;ssl=1\" \/><\/a>\r\n\t\t\t\t\t\t\t\t\t<\/div>\r\n\t\t\t\t\t\t\t\t\r\n\t\t\t\t<div class=\"post-header\">\r\n\t\t\t\t\t\r\n\t\t\t\t\t\t\t\t\t\t\r\n\t\t\t\t\t\t\t\t\t\t<h2><a href=\"https:\/\/jennyisbaking.com\/de\/2026\/06\/03\/postre-borracho-betrunkenes-dessert-aus-argentinien\/\">Postre borracho, betrunkenes Dessert aus Argentinien<\/a><\/h2>\r\n\t\t\t\t\t\t\t\t\t\t\r\n\t\t\t\t<\/div>\r\n\t\t\t\t\r\n\t\t\t\t\t\t\t\t<span class=\"date\">03\/06\/2026<\/span>\r\n\t\t\t\t\t\t\t\t\r\n\t\t\t<\/article>\r\n\t\t\t<\/li>\r\n\t\t\r\n\t\t\t\t\t\r\n\t\t\t<li>\r\n\t\t\t<article id=\"post-19157\" class=\"grid-item post-19157 post type-post status-publish format-standard has-post-thumbnail hentry category-all-seasons category-bread-and-breakfast category-dessert tag-fluffy tag-japan tag-japanese tag-japanese-pancakes tag-japanisch tag-japanische-pancakes tag-leicht tag-luftig tag-pancakes tag-pfannkuchen tag-soft tag-souffle\">\r\n\t\t\t\t\r\n\t\t\t\t\t\t\t\t<div class=\"post-img\">\r\n\t\t\t\t\t\t\t\t\t\t<a href=\"https:\/\/jennyisbaking.com\/de\/2026\/03\/20\/fluffige-japanische-pancakes\/\"><img loading=\"lazy\" decoding=\"async\" width=\"350\" height=\"460\" src=\"https:\/\/i0.wp.com\/jennyisbaking.com\/wp-1c174-content\/uploads\/2026\/01\/Japanische-pancakes.jpg?resize=350%2C460&amp;ssl=1\" class=\"attachment-sprout_spoon_misc-thumb size-sprout_spoon_misc-thumb wp-post-image\" alt=\"\" data-attachment-id=\"19413\" data-permalink=\"https:\/\/jennyisbaking.com\/de\/2026\/03\/20\/fluffige-japanische-pancakes\/japanische-pancakes\/\" data-orig-file=\"https:\/\/i0.wp.com\/jennyisbaking.com\/wp-1c174-content\/uploads\/2026\/01\/Japanische-pancakes.jpg?fit=534%2C801&amp;ssl=1\" data-orig-size=\"534,801\" data-comments-opened=\"1\" data-image-meta=\"{&quot;aperture&quot;:&quot;0&quot;,&quot;credit&quot;:&quot;&quot;,&quot;camera&quot;:&quot;&quot;,&quot;caption&quot;:&quot;&quot;,&quot;created_timestamp&quot;:&quot;0&quot;,&quot;copyright&quot;:&quot;&quot;,&quot;focal_length&quot;:&quot;0&quot;,&quot;iso&quot;:&quot;0&quot;,&quot;shutter_speed&quot;:&quot;0&quot;,&quot;title&quot;:&quot;&quot;,&quot;orientation&quot;:&quot;0&quot;}\" data-image-title=\"Japanische-pancakes\" data-image-description=\"\" data-image-caption=\"\" data-large-file=\"https:\/\/i0.wp.com\/jennyisbaking.com\/wp-1c174-content\/uploads\/2026\/01\/Japanische-pancakes.jpg?fit=534%2C801&amp;ssl=1\" \/><\/a>\r\n\t\t\t\t\t\t\t\t\t<\/div>\r\n\t\t\t\t\t\t\t\t\r\n\t\t\t\t<div class=\"post-header\">\r\n\t\t\t\t\t\r\n\t\t\t\t\t\t\t\t\t\t\r\n\t\t\t\t\t\t\t\t\t\t<h2><a href=\"https:\/\/jennyisbaking.com\/de\/2026\/03\/20\/fluffige-japanische-pancakes\/\">Fluffige japanische Pancakes<\/a><\/h2>\r\n\t\t\t\t\t\t\t\t\t\t\r\n\t\t\t\t<\/div>\r\n\t\t\t\t\r\n\t\t\t\t\t\t\t\t<span class=\"date\">20\/03\/2026<\/span>\r\n\t\t\t\t\t\t\t\t\r\n\t\t\t<\/article>\r\n\t\t\t<\/li>\r\n\t\t\r\n\t\t\t\t\t\r\n\t\t\t<li>\r\n\t\t\t<article id=\"post-19044\" class=\"grid-item post-19044 post type-post status-publish format-standard has-post-thumbnail hentry category-cakes category-christmas category-dessert category-dessertnachspeise category-kuchen category-weihnachten tag-cake tag-candle tag-candle-cake tag-candles tag-christmas tag-dia-de-las-velitas tag-kerze tag-kerzen tag-kerzen-kuchen tag-kerzen-torte tag-kerzenkuchen tag-kerzentorte tag-kuchen tag-torte tag-weihnachten\">\r\n\t\t\t\t\r\n\t\t\t\t\t\t\t\t<div class=\"post-img\">\r\n\t\t\t\t\t\t\t\t\t\t<a href=\"https:\/\/jennyisbaking.com\/de\/2025\/12\/23\/kerzen-torten-candle-cake\/\"><img loading=\"lazy\" decoding=\"async\" width=\"350\" height=\"460\" src=\"https:\/\/i0.wp.com\/jennyisbaking.com\/wp-1c174-content\/uploads\/2025\/12\/Kerzen-Torte-1.jpg?resize=350%2C460&amp;ssl=1\" class=\"attachment-sprout_spoon_misc-thumb size-sprout_spoon_misc-thumb wp-post-image\" alt=\"\" data-attachment-id=\"19046\" data-permalink=\"https:\/\/jennyisbaking.com\/de\/2025\/12\/23\/kerzen-torten-candle-cake\/kerzen-torte-1\/\" data-orig-file=\"https:\/\/i0.wp.com\/jennyisbaking.com\/wp-1c174-content\/uploads\/2025\/12\/Kerzen-Torte-1.jpg?fit=534%2C801&amp;ssl=1\" data-orig-size=\"534,801\" data-comments-opened=\"1\" data-image-meta=\"{&quot;aperture&quot;:&quot;0&quot;,&quot;credit&quot;:&quot;&quot;,&quot;camera&quot;:&quot;&quot;,&quot;caption&quot;:&quot;&quot;,&quot;created_timestamp&quot;:&quot;0&quot;,&quot;copyright&quot;:&quot;&quot;,&quot;focal_length&quot;:&quot;0&quot;,&quot;iso&quot;:&quot;0&quot;,&quot;shutter_speed&quot;:&quot;0&quot;,&quot;title&quot;:&quot;&quot;,&quot;orientation&quot;:&quot;0&quot;}\" data-image-title=\"Kerzen-Torte-1\" data-image-description=\"\" data-image-caption=\"\" data-large-file=\"https:\/\/i0.wp.com\/jennyisbaking.com\/wp-1c174-content\/uploads\/2025\/12\/Kerzen-Torte-1.jpg?fit=534%2C801&amp;ssl=1\" \/><\/a>\r\n\t\t\t\t\t\t\t\t\t<\/div>\r\n\t\t\t\t\t\t\t\t\r\n\t\t\t\t<div class=\"post-header\">\r\n\t\t\t\t\t\r\n\t\t\t\t\t\t\t\t\t\t\r\n\t\t\t\t\t\t\t\t\t\t<h2><a href=\"https:\/\/jennyisbaking.com\/de\/2025\/12\/23\/kerzen-torten-candle-cake\/\">Kerzen-Torte mit Orangen-Cranberry-Geschmack<\/a><\/h2>\r\n\t\t\t\t\t\t\t\t\t\t\r\n\t\t\t\t<\/div>\r\n\t\t\t\t\r\n\t\t\t\t\t\t\t\t<span class=\"date\">23\/12\/2025<\/span>\r\n\t\t\t\t\t\t\t\t\r\n\t\t\t<\/article>\r\n\t\t\t<\/li>\r\n\t\t\r\n\t\t\t\t\r\n\t\t<\/ul>\r\n\t\t\r\n\t\t\t\t\r\n\t\t\t\r\n\t\n\t\t\r\n\t\t\t\t\r\n\t\t\t\t<h4 class=\"index-heading\"><span>Brot &amp; Fr\u00fchst\u00fcck<\/span>\r\n\t\t\t\t<a href=\"https:\/\/jennyisbaking.com\/de\/category\/bread-and-breakfast\/\">Alle Fr\u00fchst\u00fccksrezepte <i class=\"fa fa-angle-double-right\"><\/i><\/a>\r\n\t\t\t\t<\/h4>\r\n\t\t\t\t\r\n\t\t\t\t\r\n\t\t\t\r\n\t\t\t<ul class=\"sp-grid col4\">\r\n\t\t\t\t\r\n\t\t\t\t\t\r\n\t\t\t<li>\r\n\t\t\t<article id=\"post-19235\" class=\"grid-item post-19235 post type-post status-publish format-standard has-post-thumbnail hentry category-bread-and-breakfast category-brotbrunchfruhstuck category-latin-american-recipes category-paraguay category-savory category-special-diet tag-corn tag-corn-flour tag-gluten-free tag-glutenfrei tag-mais tag-maismehl tag-national-dish tag-nationalgericht tag-paraguay tag-paraguayan tag-paraguayisch tag-sopa tag-sopa-paraguaya\">\r\n\t\t\t\t\r\n\t\t\t\t\t\t\t\t<div class=\"post-img\">\r\n\t\t\t\t\t\t\t\t\t\t<a href=\"https:\/\/jennyisbaking.com\/de\/2026\/04\/10\/sopa-paraguaya-the-national-dish-from-paraguay\/\"><img loading=\"lazy\" decoding=\"async\" width=\"350\" height=\"460\" src=\"https:\/\/i0.wp.com\/jennyisbaking.com\/wp-1c174-content\/uploads\/2026\/02\/Sopa-paraguaya-1.jpg?resize=350%2C460&amp;ssl=1\" class=\"attachment-sprout_spoon_misc-thumb size-sprout_spoon_misc-thumb wp-post-image\" alt=\"\" data-attachment-id=\"19237\" data-permalink=\"https:\/\/jennyisbaking.com\/de\/2026\/04\/10\/sopa-paraguaya-the-national-dish-from-paraguay\/sopa-paraguaya-1\/\" data-orig-file=\"https:\/\/i0.wp.com\/jennyisbaking.com\/wp-1c174-content\/uploads\/2026\/02\/Sopa-paraguaya-1.jpg?fit=534%2C801&amp;ssl=1\" data-orig-size=\"534,801\" data-comments-opened=\"1\" data-image-meta=\"{&quot;aperture&quot;:&quot;0&quot;,&quot;credit&quot;:&quot;&quot;,&quot;camera&quot;:&quot;&quot;,&quot;caption&quot;:&quot;&quot;,&quot;created_timestamp&quot;:&quot;0&quot;,&quot;copyright&quot;:&quot;&quot;,&quot;focal_length&quot;:&quot;0&quot;,&quot;iso&quot;:&quot;0&quot;,&quot;shutter_speed&quot;:&quot;0&quot;,&quot;title&quot;:&quot;&quot;,&quot;orientation&quot;:&quot;0&quot;}\" data-image-title=\"Sopa-paraguaya-1\" data-image-description=\"\" data-image-caption=\"\" data-large-file=\"https:\/\/i0.wp.com\/jennyisbaking.com\/wp-1c174-content\/uploads\/2026\/02\/Sopa-paraguaya-1.jpg?fit=534%2C801&amp;ssl=1\" \/><\/a>\r\n\t\t\t\t\t\t\t\t\t<\/div>\r\n\t\t\t\t\t\t\t\t\r\n\t\t\t\t<div class=\"post-header\">\r\n\t\t\t\t\t\r\n\t\t\t\t\t\t\t\t\t\t\r\n\t\t\t\t\t\t\t\t\t\t<h2><a href=\"https:\/\/jennyisbaking.com\/de\/2026\/04\/10\/sopa-paraguaya-the-national-dish-from-paraguay\/\">Sopa Paraguaya &#8211; das Nationalgericht aus Paraguay<\/a><\/h2>\r\n\t\t\t\t\t\t\t\t\t\t\r\n\t\t\t\t<\/div>\r\n\t\t\t\t\r\n\t\t\t\t\t\t\t\t<span class=\"date\">10\/04\/2026<\/span>\r\n\t\t\t\t\t\t\t\t\r\n\t\t\t<\/article>\r\n\t\t\t<\/li>\r\n\t\t\r\n\t\t\t\t\t\r\n\t\t\t<li>\r\n\t\t\t<article id=\"post-19458\" class=\"grid-item post-19458 post type-post status-publish format-standard has-post-thumbnail hentry category-bread-and-breakfast category-brotbrunchfruhstuck category-easter category-north-american-recipes category-spring category-summer tag-blueberry-lemon-muffin tag-blueberry-lemon-muffins tag-blueberry-muffins tag-heidelbeer-muffins tag-muffin tag-muffins tag-zitronen-muffins\">\r\n\t\t\t\t\r\n\t\t\t\t\t\t\t\t<div class=\"post-img\">\r\n\t\t\t\t\t\t\t\t\t\t<a href=\"https:\/\/jennyisbaking.com\/de\/2026\/04\/03\/zitronen-heidelbeer-muffins\/\"><img loading=\"lazy\" decoding=\"async\" width=\"350\" height=\"460\" src=\"https:\/\/i0.wp.com\/jennyisbaking.com\/wp-1c174-content\/uploads\/2026\/03\/Zitronen-Heidelbeer-Muffins.jpg?resize=350%2C460&amp;ssl=1\" class=\"attachment-sprout_spoon_misc-thumb size-sprout_spoon_misc-thumb wp-post-image\" alt=\"\" data-attachment-id=\"19459\" data-permalink=\"https:\/\/jennyisbaking.com\/de\/2026\/04\/03\/zitronen-heidelbeer-muffins\/zitronen-heidelbeer-muffins\/\" data-orig-file=\"https:\/\/i0.wp.com\/jennyisbaking.com\/wp-1c174-content\/uploads\/2026\/03\/Zitronen-Heidelbeer-Muffins.jpg?fit=534%2C801&amp;ssl=1\" data-orig-size=\"534,801\" data-comments-opened=\"1\" data-image-meta=\"{&quot;aperture&quot;:&quot;0&quot;,&quot;credit&quot;:&quot;&quot;,&quot;camera&quot;:&quot;&quot;,&quot;caption&quot;:&quot;&quot;,&quot;created_timestamp&quot;:&quot;0&quot;,&quot;copyright&quot;:&quot;&quot;,&quot;focal_length&quot;:&quot;0&quot;,&quot;iso&quot;:&quot;0&quot;,&quot;shutter_speed&quot;:&quot;0&quot;,&quot;title&quot;:&quot;&quot;,&quot;orientation&quot;:&quot;0&quot;}\" data-image-title=\"Zitronen-Heidelbeer-Muffins\" data-image-description=\"\" data-image-caption=\"\" data-large-file=\"https:\/\/i0.wp.com\/jennyisbaking.com\/wp-1c174-content\/uploads\/2026\/03\/Zitronen-Heidelbeer-Muffins.jpg?fit=534%2C801&amp;ssl=1\" \/><\/a>\r\n\t\t\t\t\t\t\t\t\t<\/div>\r\n\t\t\t\t\t\t\t\t\r\n\t\t\t\t<div class=\"post-header\">\r\n\t\t\t\t\t\r\n\t\t\t\t\t\t\t\t\t\t\r\n\t\t\t\t\t\t\t\t\t\t<h2><a href=\"https:\/\/jennyisbaking.com\/de\/2026\/04\/03\/zitronen-heidelbeer-muffins\/\">Zitronen-Heidelbeer-Muffins<\/a><\/h2>\r\n\t\t\t\t\t\t\t\t\t\t\r\n\t\t\t\t<\/div>\r\n\t\t\t\t\r\n\t\t\t\t\t\t\t\t<span class=\"date\">03\/04\/2026<\/span>\r\n\t\t\t\t\t\t\t\t\r\n\t\t\t<\/article>\r\n\t\t\t<\/li>\r\n\t\t\r\n\t\t\t\t\t\r\n\t\t\t<li>\r\n\t\t\t<article id=\"post-18021\" class=\"grid-item post-18021 post type-post status-publish format-standard has-post-thumbnail hentry category-bread-and-breakfast category-brotbrunchfruhstuck category-easter category-ostern tag-braided tag-braided-bread tag-easter tag-hefekranz tag-kranz tag-osterkranz tag-ostern tag-osterzopf tag-wreath tag-yeast-dough tag-yeast-wreath\">\r\n\t\t\t\t\r\n\t\t\t\t\t\t\t\t<div class=\"post-img\">\r\n\t\t\t\t\t\t\t\t\t\t<a href=\"https:\/\/jennyisbaking.com\/de\/2026\/03\/27\/extra-weicher-hefekranz-zu-ostern\/\"><img loading=\"lazy\" decoding=\"async\" width=\"350\" height=\"460\" src=\"https:\/\/i0.wp.com\/jennyisbaking.com\/wp-1c174-content\/uploads\/2025\/04\/Hefekranz.jpg?resize=350%2C460&amp;ssl=1\" class=\"attachment-sprout_spoon_misc-thumb size-sprout_spoon_misc-thumb wp-post-image\" alt=\"\" data-attachment-id=\"18022\" data-permalink=\"https:\/\/jennyisbaking.com\/de\/2026\/03\/27\/extra-weicher-hefekranz-zu-ostern\/hefekranz\/\" data-orig-file=\"https:\/\/i0.wp.com\/jennyisbaking.com\/wp-1c174-content\/uploads\/2025\/04\/Hefekranz.jpg?fit=534%2C801&amp;ssl=1\" data-orig-size=\"534,801\" data-comments-opened=\"1\" data-image-meta=\"{&quot;aperture&quot;:&quot;0&quot;,&quot;credit&quot;:&quot;&quot;,&quot;camera&quot;:&quot;&quot;,&quot;caption&quot;:&quot;&quot;,&quot;created_timestamp&quot;:&quot;0&quot;,&quot;copyright&quot;:&quot;&quot;,&quot;focal_length&quot;:&quot;0&quot;,&quot;iso&quot;:&quot;0&quot;,&quot;shutter_speed&quot;:&quot;0&quot;,&quot;title&quot;:&quot;&quot;,&quot;orientation&quot;:&quot;0&quot;}\" data-image-title=\"Hefekranz\" data-image-description=\"\" data-image-caption=\"\" data-large-file=\"https:\/\/i0.wp.com\/jennyisbaking.com\/wp-1c174-content\/uploads\/2025\/04\/Hefekranz.jpg?fit=534%2C801&amp;ssl=1\" \/><\/a>\r\n\t\t\t\t\t\t\t\t\t<\/div>\r\n\t\t\t\t\t\t\t\t\r\n\t\t\t\t<div class=\"post-header\">\r\n\t\t\t\t\t\r\n\t\t\t\t\t\t\t\t\t\t\r\n\t\t\t\t\t\t\t\t\t\t<h2><a href=\"https:\/\/jennyisbaking.com\/de\/2026\/03\/27\/extra-weicher-hefekranz-zu-ostern\/\">Extra weicher Hefekranz<\/a><\/h2>\r\n\t\t\t\t\t\t\t\t\t\t\r\n\t\t\t\t<\/div>\r\n\t\t\t\t\r\n\t\t\t\t\t\t\t\t<span class=\"date\">27\/03\/2026<\/span>\r\n\t\t\t\t\t\t\t\t\r\n\t\t\t<\/article>\r\n\t\t\t<\/li>\r\n\t\t\r\n\t\t\t\t\t\r\n\t\t\t<li>\r\n\t\t\t<article id=\"post-19157\" class=\"grid-item post-19157 post type-post status-publish format-standard has-post-thumbnail hentry category-all-seasons category-bread-and-breakfast category-dessert tag-fluffy tag-japan tag-japanese tag-japanese-pancakes tag-japanisch tag-japanische-pancakes tag-leicht tag-luftig tag-pancakes tag-pfannkuchen tag-soft tag-souffle\">\r\n\t\t\t\t\r\n\t\t\t\t\t\t\t\t<div class=\"post-img\">\r\n\t\t\t\t\t\t\t\t\t\t<a href=\"https:\/\/jennyisbaking.com\/de\/2026\/03\/20\/fluffige-japanische-pancakes\/\"><img loading=\"lazy\" decoding=\"async\" width=\"350\" height=\"460\" src=\"https:\/\/i0.wp.com\/jennyisbaking.com\/wp-1c174-content\/uploads\/2026\/01\/Japanische-pancakes.jpg?resize=350%2C460&amp;ssl=1\" class=\"attachment-sprout_spoon_misc-thumb size-sprout_spoon_misc-thumb wp-post-image\" alt=\"\" data-attachment-id=\"19413\" data-permalink=\"https:\/\/jennyisbaking.com\/de\/2026\/03\/20\/fluffige-japanische-pancakes\/japanische-pancakes\/\" data-orig-file=\"https:\/\/i0.wp.com\/jennyisbaking.com\/wp-1c174-content\/uploads\/2026\/01\/Japanische-pancakes.jpg?fit=534%2C801&amp;ssl=1\" data-orig-size=\"534,801\" data-comments-opened=\"1\" data-image-meta=\"{&quot;aperture&quot;:&quot;0&quot;,&quot;credit&quot;:&quot;&quot;,&quot;camera&quot;:&quot;&quot;,&quot;caption&quot;:&quot;&quot;,&quot;created_timestamp&quot;:&quot;0&quot;,&quot;copyright&quot;:&quot;&quot;,&quot;focal_length&quot;:&quot;0&quot;,&quot;iso&quot;:&quot;0&quot;,&quot;shutter_speed&quot;:&quot;0&quot;,&quot;title&quot;:&quot;&quot;,&quot;orientation&quot;:&quot;0&quot;}\" data-image-title=\"Japanische-pancakes\" data-image-description=\"\" data-image-caption=\"\" data-large-file=\"https:\/\/i0.wp.com\/jennyisbaking.com\/wp-1c174-content\/uploads\/2026\/01\/Japanische-pancakes.jpg?fit=534%2C801&amp;ssl=1\" \/><\/a>\r\n\t\t\t\t\t\t\t\t\t<\/div>\r\n\t\t\t\t\t\t\t\t\r\n\t\t\t\t<div class=\"post-header\">\r\n\t\t\t\t\t\r\n\t\t\t\t\t\t\t\t\t\t\r\n\t\t\t\t\t\t\t\t\t\t<h2><a href=\"https:\/\/jennyisbaking.com\/de\/2026\/03\/20\/fluffige-japanische-pancakes\/\">Fluffige japanische Pancakes<\/a><\/h2>\r\n\t\t\t\t\t\t\t\t\t\t\r\n\t\t\t\t<\/div>\r\n\t\t\t\t\r\n\t\t\t\t\t\t\t\t<span class=\"date\">20\/03\/2026<\/span>\r\n\t\t\t\t\t\t\t\t\r\n\t\t\t<\/article>\r\n\t\t\t<\/li>\r\n\t\t\r\n\t\t\t\t\r\n\t\t<\/ul>\r\n\t\t\r\n\t\t\t\t\r\n\t\t\t\r\n\t\n\t\t\r\n\t\t\t\t\r\n\t\t\t\t<h4 class=\"index-heading\"><span>Herzhaft<\/span>\r\n\t\t\t\t<a href=\"https:\/\/jennyisbaking.com\/de\/category\/savory\/\">Alle herzhaften Rezepte <i class=\"fa fa-angle-double-right\"><\/i><\/a>\r\n\t\t\t\t<\/h4>\r\n\t\t\t\t\r\n\t\t\t\t\r\n\t\t\t\r\n\t\t\t<ul class=\"sp-grid col4\">\r\n\t\t\t\t\r\n\t\t\t\t\t\r\n\t\t\t<li>\r\n\t\t\t<article id=\"post-19957\" class=\"grid-item post-19957 post type-post status-publish format-standard has-post-thumbnail hentry category-all-seasons category-other-countries category-savory tag-cake tag-gatto-di-patate tag-herzhaft tag-italian tag-italien tag-italienisch tag-italy tag-kartoffel tag-kartoffeln tag-neapoli tag-neapolitan tag-potato tag-potatoes tag-savory\">\r\n\t\t\t\t\r\n\t\t\t\t\t\t\t\t<div class=\"post-img\">\r\n\t\t\t\t\t\t\t\t\t\t<a href=\"https:\/\/jennyisbaking.com\/de\/2026\/09\/04\/gatto-di-patate-italienischer-kartoffelkuchen\/\"><img loading=\"lazy\" decoding=\"async\" width=\"350\" height=\"460\" src=\"https:\/\/i0.wp.com\/jennyisbaking.com\/wp-1c174-content\/uploads\/2026\/08\/Gatto-di-patate-Rezept-aus-Italien.jpg?resize=350%2C460&amp;ssl=1\" class=\"attachment-sprout_spoon_misc-thumb size-sprout_spoon_misc-thumb wp-post-image\" alt=\"\" data-attachment-id=\"19959\" data-permalink=\"https:\/\/jennyisbaking.com\/de\/2026\/09\/04\/gatto-di-patate-italienischer-kartoffelkuchen\/gatto-di-patate-rezept-aus-italien\/\" data-orig-file=\"https:\/\/i0.wp.com\/jennyisbaking.com\/wp-1c174-content\/uploads\/2026\/08\/Gatto-di-patate-Rezept-aus-Italien.jpg?fit=534%2C801&amp;ssl=1\" data-orig-size=\"534,801\" data-comments-opened=\"1\" data-image-meta=\"{&quot;aperture&quot;:&quot;0&quot;,&quot;credit&quot;:&quot;&quot;,&quot;camera&quot;:&quot;&quot;,&quot;caption&quot;:&quot;&quot;,&quot;created_timestamp&quot;:&quot;0&quot;,&quot;copyright&quot;:&quot;&quot;,&quot;focal_length&quot;:&quot;0&quot;,&quot;iso&quot;:&quot;0&quot;,&quot;shutter_speed&quot;:&quot;0&quot;,&quot;title&quot;:&quot;&quot;,&quot;orientation&quot;:&quot;0&quot;,&quot;alt&quot;:&quot;&quot;}\" data-image-title=\"Gatto\u0300-di-patate-Rezept-aus-Italien\" data-image-description=\"\" data-image-caption=\"\" data-large-file=\"https:\/\/i0.wp.com\/jennyisbaking.com\/wp-1c174-content\/uploads\/2026\/08\/Gatto-di-patate-Rezept-aus-Italien.jpg?fit=534%2C801&amp;ssl=1\" \/><\/a>\r\n\t\t\t\t\t\t\t\t\t<\/div>\r\n\t\t\t\t\t\t\t\t\r\n\t\t\t\t<div class=\"post-header\">\r\n\t\t\t\t\t\r\n\t\t\t\t\t\t\t\t\t\t\r\n\t\t\t\t\t\t\t\t\t\t<h2><a href=\"https:\/\/jennyisbaking.com\/de\/2026\/09\/04\/gatto-di-patate-italienischer-kartoffelkuchen\/\">Gatt\u00f2 di Patate &#8211; herzhafter Kartoffelkuchen aus Italien<\/a><\/h2>\r\n\t\t\t\t\t\t\t\t\t\t\r\n\t\t\t\t<\/div>\r\n\t\t\t\t\r\n\t\t\t\t\t\t\t\t<span class=\"date\">04\/09\/2026<\/span>\r\n\t\t\t\t\t\t\t\t\r\n\t\t\t<\/article>\r\n\t\t\t<\/li>\r\n\t\t\r\n\t\t\t\t\t\r\n\t\t\t<li>\r\n\t\t\t<article id=\"post-19905\" class=\"grid-item post-19905 post type-post status-publish format-standard has-post-thumbnail hentry category-all-seasons category-latin-american-recipes category-savory category-special-diet tag-flatbread tag-gluten-free tag-glutenfrei tag-mbeju tag-pancake tag-paraguay tag-paraguayan tag-paraguayisch tag-pfannkuchen\">\r\n\t\t\t\t\r\n\t\t\t\t\t\t\t\t<div class=\"post-img\">\r\n\t\t\t\t\t\t\t\t\t\t<a href=\"https:\/\/jennyisbaking.com\/de\/2026\/08\/14\/mbeju-aus-paraguay-gluten-freie-kase-pfannkuchen\/\"><img loading=\"lazy\" decoding=\"async\" width=\"350\" height=\"460\" src=\"https:\/\/i0.wp.com\/jennyisbaking.com\/wp-1c174-content\/uploads\/2026\/07\/Mbeju-aus-Paraguay.jpg?resize=350%2C460&amp;ssl=1\" class=\"attachment-sprout_spoon_misc-thumb size-sprout_spoon_misc-thumb wp-post-image\" alt=\"\" data-attachment-id=\"19911\" data-permalink=\"https:\/\/jennyisbaking.com\/de\/2026\/08\/14\/mbeju-aus-paraguay-gluten-freie-kase-pfannkuchen\/mbeju-aus-paraguay\/\" data-orig-file=\"https:\/\/i0.wp.com\/jennyisbaking.com\/wp-1c174-content\/uploads\/2026\/07\/Mbeju-aus-Paraguay.jpg?fit=534%2C801&amp;ssl=1\" data-orig-size=\"534,801\" data-comments-opened=\"1\" data-image-meta=\"{&quot;aperture&quot;:&quot;0&quot;,&quot;credit&quot;:&quot;&quot;,&quot;camera&quot;:&quot;&quot;,&quot;caption&quot;:&quot;&quot;,&quot;created_timestamp&quot;:&quot;0&quot;,&quot;copyright&quot;:&quot;&quot;,&quot;focal_length&quot;:&quot;0&quot;,&quot;iso&quot;:&quot;0&quot;,&quot;shutter_speed&quot;:&quot;0&quot;,&quot;title&quot;:&quot;&quot;,&quot;orientation&quot;:&quot;0&quot;,&quot;alt&quot;:&quot;&quot;}\" data-image-title=\"Mbeju-aus-Paraguay\" data-image-description=\"\" data-image-caption=\"\" data-large-file=\"https:\/\/i0.wp.com\/jennyisbaking.com\/wp-1c174-content\/uploads\/2026\/07\/Mbeju-aus-Paraguay.jpg?fit=534%2C801&amp;ssl=1\" \/><\/a>\r\n\t\t\t\t\t\t\t\t\t<\/div>\r\n\t\t\t\t\t\t\t\t\r\n\t\t\t\t<div class=\"post-header\">\r\n\t\t\t\t\t\r\n\t\t\t\t\t\t\t\t\t\t\r\n\t\t\t\t\t\t\t\t\t\t<h2><a href=\"https:\/\/jennyisbaking.com\/de\/2026\/08\/14\/mbeju-aus-paraguay-gluten-freie-kase-pfannkuchen\/\">Mbej\u00fa aus Paraguay &#8211; glutenfreier K\u00e4sepfannkuchen aus vier Zutaten<\/a><\/h2>\r\n\t\t\t\t\t\t\t\t\t\t\r\n\t\t\t\t<\/div>\r\n\t\t\t\t\r\n\t\t\t\t\t\t\t\t<span class=\"date\">14\/08\/2026<\/span>\r\n\t\t\t\t\t\t\t\t\r\n\t\t\t<\/article>\r\n\t\t\t<\/li>\r\n\t\t\r\n\t\t\t\t\t\r\n\t\t\t<li>\r\n\t\t\t<article id=\"post-19817\" class=\"grid-item post-19817 post type-post status-publish format-standard has-post-thumbnail hentry category-argentina-and-uruguay category-savory tag-argentina tag-argentine tag-argentinien tag-argentinisch tag-cutlet tag-escalope tag-ham tag-milanesa tag-milanesa-alla-napoli tag-milanesa-napolitana tag-schinken tag-schnitzel\">\r\n\t\t\t\t\r\n\t\t\t\t\t\t\t\t<div class=\"post-img\">\r\n\t\t\t\t\t\t\t\t\t\t<a href=\"https:\/\/jennyisbaking.com\/de\/2026\/07\/24\/milanesa-napolitana-aus-argentinien\/\"><img loading=\"lazy\" decoding=\"async\" width=\"350\" height=\"460\" src=\"https:\/\/i0.wp.com\/jennyisbaking.com\/wp-1c174-content\/uploads\/2026\/07\/Milanesa-napolitana-aus-Argentinien.jpg?resize=350%2C460&amp;ssl=1\" class=\"attachment-sprout_spoon_misc-thumb size-sprout_spoon_misc-thumb wp-post-image\" alt=\"\" data-attachment-id=\"19818\" data-permalink=\"https:\/\/jennyisbaking.com\/de\/2026\/07\/24\/milanesa-napolitana-aus-argentinien\/milanesa-napolitana-aus-argentinien\/\" data-orig-file=\"https:\/\/i0.wp.com\/jennyisbaking.com\/wp-1c174-content\/uploads\/2026\/07\/Milanesa-napolitana-aus-Argentinien.jpg?fit=534%2C801&amp;ssl=1\" data-orig-size=\"534,801\" data-comments-opened=\"1\" data-image-meta=\"{&quot;aperture&quot;:&quot;0&quot;,&quot;credit&quot;:&quot;&quot;,&quot;camera&quot;:&quot;&quot;,&quot;caption&quot;:&quot;&quot;,&quot;created_timestamp&quot;:&quot;0&quot;,&quot;copyright&quot;:&quot;&quot;,&quot;focal_length&quot;:&quot;0&quot;,&quot;iso&quot;:&quot;0&quot;,&quot;shutter_speed&quot;:&quot;0&quot;,&quot;title&quot;:&quot;&quot;,&quot;orientation&quot;:&quot;0&quot;,&quot;alt&quot;:&quot;&quot;}\" data-image-title=\"Milanesa-napolitana-aus-Argentinien\" data-image-description=\"\" data-image-caption=\"\" data-large-file=\"https:\/\/i0.wp.com\/jennyisbaking.com\/wp-1c174-content\/uploads\/2026\/07\/Milanesa-napolitana-aus-Argentinien.jpg?fit=534%2C801&amp;ssl=1\" \/><\/a>\r\n\t\t\t\t\t\t\t\t\t<\/div>\r\n\t\t\t\t\t\t\t\t\r\n\t\t\t\t<div class=\"post-header\">\r\n\t\t\t\t\t\r\n\t\t\t\t\t\t\t\t\t\t\r\n\t\t\t\t\t\t\t\t\t\t<h2><a href=\"https:\/\/jennyisbaking.com\/de\/2026\/07\/24\/milanesa-napolitana-aus-argentinien\/\">Milanesa napolitana aus Argentinien<\/a><\/h2>\r\n\t\t\t\t\t\t\t\t\t\t\r\n\t\t\t\t<\/div>\r\n\t\t\t\t\r\n\t\t\t\t\t\t\t\t<span class=\"date\">24\/07\/2026<\/span>\r\n\t\t\t\t\t\t\t\t\r\n\t\t\t<\/article>\r\n\t\t\t<\/li>\r\n\t\t\r\n\t\t\t\t\t\r\n\t\t\t<li>\r\n\t\t\t<article id=\"post-19843\" class=\"grid-item post-19843 post type-post status-publish format-standard has-post-thumbnail hentry category-north-american-recipes category-savory category-summer tag-american tag-amerikanisch tag-aubergine tag-carrots tag-cobbler tag-eggplant tag-einfach tag-gemuese tag-gemuse-cobbler tag-karrot tag-leftovers tag-moren tag-parmesan tag-reste tag-schnell tag-sommer tag-summer tag-usa tag-veggies tag-zucchini\">\r\n\t\t\t\t\r\n\t\t\t\t\t\t\t\t<div class=\"post-img\">\r\n\t\t\t\t\t\t\t\t\t\t<a href=\"https:\/\/jennyisbaking.com\/de\/2026\/07\/17\/herzhafter-cobbler-mit-sommer-gemuse\/\"><img loading=\"lazy\" decoding=\"async\" width=\"350\" height=\"460\" src=\"https:\/\/i0.wp.com\/jennyisbaking.com\/wp-1c174-content\/uploads\/2026\/07\/Cobbler-mit-Tomaten-Zucchini-Mohren.jpg?resize=350%2C460&amp;ssl=1\" class=\"attachment-sprout_spoon_misc-thumb size-sprout_spoon_misc-thumb wp-post-image\" alt=\"\" data-attachment-id=\"19844\" data-permalink=\"https:\/\/jennyisbaking.com\/de\/2026\/07\/17\/herzhafter-cobbler-mit-sommer-gemuse\/cobbler-mit-tomaten-zucchini-mohren\/\" data-orig-file=\"https:\/\/i0.wp.com\/jennyisbaking.com\/wp-1c174-content\/uploads\/2026\/07\/Cobbler-mit-Tomaten-Zucchini-Mohren.jpg?fit=534%2C801&amp;ssl=1\" data-orig-size=\"534,801\" data-comments-opened=\"1\" data-image-meta=\"{&quot;aperture&quot;:&quot;0&quot;,&quot;credit&quot;:&quot;&quot;,&quot;camera&quot;:&quot;&quot;,&quot;caption&quot;:&quot;&quot;,&quot;created_timestamp&quot;:&quot;0&quot;,&quot;copyright&quot;:&quot;&quot;,&quot;focal_length&quot;:&quot;0&quot;,&quot;iso&quot;:&quot;0&quot;,&quot;shutter_speed&quot;:&quot;0&quot;,&quot;title&quot;:&quot;&quot;,&quot;orientation&quot;:&quot;0&quot;,&quot;alt&quot;:&quot;&quot;}\" data-image-title=\"Cobbler-mit-Tomaten-Zucchini-Mo\u0308hren\" data-image-description=\"\" data-image-caption=\"\" data-large-file=\"https:\/\/i0.wp.com\/jennyisbaking.com\/wp-1c174-content\/uploads\/2026\/07\/Cobbler-mit-Tomaten-Zucchini-Mohren.jpg?fit=534%2C801&amp;ssl=1\" \/><\/a>\r\n\t\t\t\t\t\t\t\t\t<\/div>\r\n\t\t\t\t\t\t\t\t\r\n\t\t\t\t<div class=\"post-header\">\r\n\t\t\t\t\t\r\n\t\t\t\t\t\t\t\t\t\t\r\n\t\t\t\t\t\t\t\t\t\t<h2><a href=\"https:\/\/jennyisbaking.com\/de\/2026\/07\/17\/herzhafter-cobbler-mit-sommer-gemuse\/\">Herzhafter Cobbler mit Sommergem\u00fcse<\/a><\/h2>\r\n\t\t\t\t\t\t\t\t\t\t\r\n\t\t\t\t<\/div>\r\n\t\t\t\t\r\n\t\t\t\t\t\t\t\t<span class=\"date\">17\/07\/2026<\/span>\r\n\t\t\t\t\t\t\t\t\r\n\t\t\t<\/article>\r\n\t\t\t<\/li>\r\n\t\t\r\n\t\t\t\t\r\n\t\t<\/ul>\r\n\t\t\r\n\t\t\t\t\r\n\t\t\t\r\n\t\n<p>\t\t\r\n\t\t\t\t\r\n\t\t\t\t<h4 class=\"index-heading\"><span>Getr\u00e4nke<\/span>\r\n\t\t\t\t<a href=\"https:\/\/jennyisbaking.com\/de\/category\/beverage\/\">Alle Getr\u00e4nke <i class=\"fa fa-angle-double-right\"><\/i><\/a>\r\n\t\t\t\t<\/h4>\r\n\t\t\t\t\r\n\t\t\t\t\r\n\t\t\t\r\n\t\t\t<ul class=\"sp-grid col4\">\r\n\t\t\t\t\r\n\t\t\t\t\t\r\n\t\t\t<li>\r\n\t\t\t<article id=\"post-19704\" class=\"grid-item post-19704 post type-post status-publish format-standard has-post-thumbnail hentry category-beverage category-latin-american-recipes tag-beverage tag-chicha tag-chicha-morada tag-erfrischungsgetrank tag-getraenk tag-lila-mais tag-maiz-morado tag-peru tag-peruanisch tag-peruvian tag-purple-corn\">\r\n\t\t\t\t\r\n\t\t\t\t\t\t\t\t<div class=\"post-img\">\r\n\t\t\t\t\t\t\t\t\t\t<a href=\"https:\/\/jennyisbaking.com\/de\/2026\/06\/19\/chicha-morada-aus-peru-mit-lila-mais\/\"><img loading=\"lazy\" decoding=\"async\" width=\"350\" height=\"460\" src=\"https:\/\/i0.wp.com\/jennyisbaking.com\/wp-1c174-content\/uploads\/2026\/05\/Chicha-morada-aus-Peru.jpg?resize=350%2C460&amp;ssl=1\" class=\"attachment-sprout_spoon_misc-thumb size-sprout_spoon_misc-thumb wp-post-image\" alt=\"\" data-attachment-id=\"19708\" data-permalink=\"https:\/\/jennyisbaking.com\/de\/2026\/06\/19\/chicha-morada-aus-peru-mit-lila-mais\/chicha-morada-aus-peru\/\" data-orig-file=\"https:\/\/i0.wp.com\/jennyisbaking.com\/wp-1c174-content\/uploads\/2026\/05\/Chicha-morada-aus-Peru.jpg?fit=534%2C801&amp;ssl=1\" data-orig-size=\"534,801\" data-comments-opened=\"1\" data-image-meta=\"{&quot;aperture&quot;:&quot;0&quot;,&quot;credit&quot;:&quot;&quot;,&quot;camera&quot;:&quot;&quot;,&quot;caption&quot;:&quot;&quot;,&quot;created_timestamp&quot;:&quot;0&quot;,&quot;copyright&quot;:&quot;&quot;,&quot;focal_length&quot;:&quot;0&quot;,&quot;iso&quot;:&quot;0&quot;,&quot;shutter_speed&quot;:&quot;0&quot;,&quot;title&quot;:&quot;&quot;,&quot;orientation&quot;:&quot;0&quot;,&quot;alt&quot;:&quot;&quot;}\" data-image-title=\"Chicha-morada-aus-Peru\" data-image-description=\"\" data-image-caption=\"\" data-large-file=\"https:\/\/i0.wp.com\/jennyisbaking.com\/wp-1c174-content\/uploads\/2026\/05\/Chicha-morada-aus-Peru.jpg?fit=534%2C801&amp;ssl=1\" \/><\/a>\r\n\t\t\t\t\t\t\t\t\t<\/div>\r\n\t\t\t\t\t\t\t\t\r\n\t\t\t\t<div class=\"post-header\">\r\n\t\t\t\t\t\r\n\t\t\t\t\t\t\t\t\t\t\r\n\t\t\t\t\t\t\t\t\t\t<h2><a href=\"https:\/\/jennyisbaking.com\/de\/2026\/06\/19\/chicha-morada-aus-peru-mit-lila-mais\/\">Chica Morada &#8211; Erfrischungsgetr\u00e4nk aus Peru mit lila Mais<\/a><\/h2>\r\n\t\t\t\t\t\t\t\t\t\t\r\n\t\t\t\t<\/div>\r\n\t\t\t\t\r\n\t\t\t\t\t\t\t\t<span class=\"date\">19\/06\/2026<\/span>\r\n\t\t\t\t\t\t\t\t\r\n\t\t\t<\/article>\r\n\t\t\t<\/li>\r\n\t\t\r\n\t\t\t\t\t\r\n\t\t\t<li>\r\n\t\t\t<article id=\"post-19022\" class=\"grid-item post-19022 post type-post status-publish format-standard has-post-thumbnail hentry category-beverage category-latin-american-recipes tag-authentic tag-authentisch tag-cheese tag-chocolate-caliente tag-chocolate-colombiano tag-colombia tag-heisse-schokolade tag-hot-chocolate tag-kase tag-kolumbien tag-mozzarella\">\r\n\t\t\t\t\r\n\t\t\t\t\t\t\t\t<div class=\"post-img\">\r\n\t\t\t\t\t\t\t\t\t\t<a href=\"https:\/\/jennyisbaking.com\/de\/2025\/12\/19\/colombian-hot-chocolate-with-cheese\/\"><img loading=\"lazy\" decoding=\"async\" width=\"350\" height=\"460\" src=\"https:\/\/i0.wp.com\/jennyisbaking.com\/wp-1c174-content\/uploads\/2025\/12\/Chocolate-colombiano.jpg?resize=350%2C460&amp;ssl=1\" class=\"attachment-sprout_spoon_misc-thumb size-sprout_spoon_misc-thumb wp-post-image\" alt=\"\" data-attachment-id=\"19023\" data-permalink=\"https:\/\/jennyisbaking.com\/de\/2025\/12\/19\/colombian-hot-chocolate-with-cheese\/chocolate-colombiano\/\" data-orig-file=\"https:\/\/i0.wp.com\/jennyisbaking.com\/wp-1c174-content\/uploads\/2025\/12\/Chocolate-colombiano.jpg?fit=534%2C801&amp;ssl=1\" data-orig-size=\"534,801\" data-comments-opened=\"1\" data-image-meta=\"{&quot;aperture&quot;:&quot;0&quot;,&quot;credit&quot;:&quot;&quot;,&quot;camera&quot;:&quot;&quot;,&quot;caption&quot;:&quot;&quot;,&quot;created_timestamp&quot;:&quot;0&quot;,&quot;copyright&quot;:&quot;&quot;,&quot;focal_length&quot;:&quot;0&quot;,&quot;iso&quot;:&quot;0&quot;,&quot;shutter_speed&quot;:&quot;0&quot;,&quot;title&quot;:&quot;&quot;,&quot;orientation&quot;:&quot;0&quot;}\" data-image-title=\"Chocolate-colombiano\" data-image-description=\"\" data-image-caption=\"\" data-large-file=\"https:\/\/i0.wp.com\/jennyisbaking.com\/wp-1c174-content\/uploads\/2025\/12\/Chocolate-colombiano.jpg?fit=534%2C801&amp;ssl=1\" \/><\/a>\r\n\t\t\t\t\t\t\t\t\t<\/div>\r\n\t\t\t\t\t\t\t\t\r\n\t\t\t\t<div class=\"post-header\">\r\n\t\t\t\t\t\r\n\t\t\t\t\t\t\t\t\t\t\r\n\t\t\t\t\t\t\t\t\t\t<h2><a href=\"https:\/\/jennyisbaking.com\/de\/2025\/12\/19\/colombian-hot-chocolate-with-cheese\/\">Hei\u00dfe Schokolade aus Kolumbien mit Mozzarella<\/a><\/h2>\r\n\t\t\t\t\t\t\t\t\t\t\r\n\t\t\t\t<\/div>\r\n\t\t\t\t\r\n\t\t\t\t\t\t\t\t<span class=\"date\">19\/12\/2025<\/span>\r\n\t\t\t\t\t\t\t\t\r\n\t\t\t<\/article>\r\n\t\t\t<\/li>\r\n\t\t\r\n\t\t\t\t\t\r\n\t\t\t<li>\r\n\t\t\t<article id=\"post-14152\" class=\"grid-item post-14152 post type-post status-publish format-standard has-post-thumbnail hentry category-beverage category-christmas category-north-american-recipes category-weihnachten category-winter tag-americann tag-amerikanisch tag-beverage tag-cozy tag-drink tag-eggnog tag-eierlikoer tag-eierpunsch tag-us tag-usa tag-winter\">\r\n\t\t\t\t\r\n\t\t\t\t\t\t\t\t<div class=\"post-img\">\r\n\t\t\t\t\t\t\t\t\t\t<a href=\"https:\/\/jennyisbaking.com\/de\/2022\/12\/11\/eggnog-aus-usa\/\"><img loading=\"lazy\" decoding=\"async\" width=\"350\" height=\"460\" src=\"https:\/\/i0.wp.com\/jennyisbaking.com\/wp-1c174-content\/uploads\/2022\/12\/Eggnog_aus_USA-1.jpg?resize=350%2C460&amp;ssl=1\" class=\"attachment-sprout_spoon_misc-thumb size-sprout_spoon_misc-thumb wp-post-image\" alt=\"\" data-attachment-id=\"14164\" data-permalink=\"https:\/\/jennyisbaking.com\/de\/2022\/12\/11\/eggnog-aus-usa\/eggnog_aus_usa-1\/\" data-orig-file=\"https:\/\/i0.wp.com\/jennyisbaking.com\/wp-1c174-content\/uploads\/2022\/12\/Eggnog_aus_USA-1.jpg?fit=534%2C801&amp;ssl=1\" data-orig-size=\"534,801\" data-comments-opened=\"1\" data-image-meta=\"{&quot;aperture&quot;:&quot;0&quot;,&quot;credit&quot;:&quot;&quot;,&quot;camera&quot;:&quot;&quot;,&quot;caption&quot;:&quot;&quot;,&quot;created_timestamp&quot;:&quot;0&quot;,&quot;copyright&quot;:&quot;&quot;,&quot;focal_length&quot;:&quot;0&quot;,&quot;iso&quot;:&quot;0&quot;,&quot;shutter_speed&quot;:&quot;0&quot;,&quot;title&quot;:&quot;&quot;,&quot;orientation&quot;:&quot;0&quot;}\" data-image-title=\"Eggnog_aus_USA-1\" data-image-description=\"\" data-image-caption=\"\" data-large-file=\"https:\/\/i0.wp.com\/jennyisbaking.com\/wp-1c174-content\/uploads\/2022\/12\/Eggnog_aus_USA-1.jpg?fit=534%2C801&amp;ssl=1\" \/><\/a>\r\n\t\t\t\t\t\t\t\t\t<\/div>\r\n\t\t\t\t\t\t\t\t\r\n\t\t\t\t<div class=\"post-header\">\r\n\t\t\t\t\t\r\n\t\t\t\t\t\t\t\t\t\t\r\n\t\t\t\t\t\t\t\t\t\t<h2><a href=\"https:\/\/jennyisbaking.com\/de\/2022\/12\/11\/eggnog-aus-usa\/\">Eggnog, der Eierlik\u00f6r aus USA<\/a><\/h2>\r\n\t\t\t\t\t\t\t\t\t\t\r\n\t\t\t\t<\/div>\r\n\t\t\t\t\r\n\t\t\t\t\t\t\t\t<span class=\"date\">11\/12\/2022<\/span>\r\n\t\t\t\t\t\t\t\t\r\n\t\t\t<\/article>\r\n\t\t\t<\/li>\r\n\t\t\r\n\t\t\t\t\t\r\n\t\t\t<li>\r\n\t\t\t<article id=\"post-12713\" class=\"grid-item post-12713 post type-post status-publish format-standard has-post-thumbnail hentry category-beverage category-christmas category-everything-chocolate category-im-schokohimmel category-weihnachten category-winter tag-beverage tag-getraenk tag-heiss tag-heisse-schokolade tag-hot tag-hot-chocolate tag-simpel tag-simple tag-waermend\">\r\n\t\t\t\t\r\n\t\t\t\t\t\t\t\t<div class=\"post-img\">\r\n\t\t\t\t\t\t\t\t\t\t<a href=\"https:\/\/jennyisbaking.com\/de\/2021\/12\/23\/simple-heise-schokolade\/\"><img loading=\"lazy\" decoding=\"async\" width=\"350\" height=\"460\" src=\"https:\/\/i0.wp.com\/jennyisbaking.com\/wp-1c174-content\/uploads\/2021\/11\/DSC04601.jpg?resize=350%2C460&amp;ssl=1\" class=\"attachment-sprout_spoon_misc-thumb size-sprout_spoon_misc-thumb wp-post-image\" alt=\"Hei\u00dfe Schokolade in einer s\u00fc\u00dfen Emaille-Tasse\" data-attachment-id=\"12714\" data-permalink=\"https:\/\/jennyisbaking.com\/de\/2021\/12\/23\/simple-heise-schokolade\/dsc04601\/\" data-orig-file=\"https:\/\/i0.wp.com\/jennyisbaking.com\/wp-1c174-content\/uploads\/2021\/11\/DSC04601.jpg?fit=534%2C801&amp;ssl=1\" data-orig-size=\"534,801\" data-comments-opened=\"1\" data-image-meta=\"{&quot;aperture&quot;:&quot;4&quot;,&quot;credit&quot;:&quot;Jennifer Warkentin&quot;,&quot;camera&quot;:&quot;ILCE-7&quot;,&quot;caption&quot;:&quot;&quot;,&quot;created_timestamp&quot;:&quot;1637504854&quot;,&quot;copyright&quot;:&quot;Jennifer Warkentin&quot;,&quot;focal_length&quot;:&quot;50&quot;,&quot;iso&quot;:&quot;640&quot;,&quot;shutter_speed&quot;:&quot;0.0125&quot;,&quot;title&quot;:&quot;&quot;,&quot;orientation&quot;:&quot;1&quot;}\" data-image-title=\"Hei\u00dfe Schokolade in einer s\u00fc\u00dfen Emaille-Tasse\" data-image-description=\"\" data-image-caption=\"\" data-large-file=\"https:\/\/i0.wp.com\/jennyisbaking.com\/wp-1c174-content\/uploads\/2021\/11\/DSC04601.jpg?fit=534%2C801&amp;ssl=1\" \/><\/a>\r\n\t\t\t\t\t\t\t\t\t<\/div>\r\n\t\t\t\t\t\t\t\t\r\n\t\t\t\t<div class=\"post-header\">\r\n\t\t\t\t\t\r\n\t\t\t\t\t\t\t\t\t\t\r\n\t\t\t\t\t\t\t\t\t\t<h2><a href=\"https:\/\/jennyisbaking.com\/de\/2021\/12\/23\/simple-heise-schokolade\/\">Simple hei\u00dfe Schokolade<\/a><\/h2>\r\n\t\t\t\t\t\t\t\t\t\t\r\n\t\t\t\t<\/div>\r\n\t\t\t\t\r\n\t\t\t\t\t\t\t\t<span class=\"date\">23\/12\/2021<\/span>\r\n\t\t\t\t\t\t\t\t\r\n\t\t\t<\/article>\r\n\t\t\t<\/li>\r\n\t\t\r\n\t\t\t\t\r\n\t\t<\/ul>\r\n\t\t\r\n\t\t\t\t\r\n\t\t\t\r\n\t<\/p>","protected":false},"excerpt":{"rendered":"","protected":false},"author":1,"featured_media":0,"parent":64,"menu_order":0,"comment_status":"closed","ping_status":"closed","template":"","meta":{"footnotes":""},"class_list":["post-6709","page","type-page","status-publish","hentry"],"yoast_head":"<!-- This site is optimized with the Yoast SEO plugin v28.4 - https:\/\/yoast.com\/product\/yoast-seo-wordpress\/ -->\n<title>Nach Kategorie - Jenny is baking<\/title>\n<meta name=\"robots\" content=\"index, follow, max-snippet:-1, max-image-preview:large, max-video-preview:-1\" \/>\n<link rel=\"canonical\" href=\"https:\/\/jennyisbaking.com\/de\/recipe-index\/by-category\/\" \/>\n<meta property=\"og:locale\" content=\"de_DE\" \/>\n<meta property=\"og:type\" content=\"article\" \/>\n<meta property=\"og:title\" content=\"Nach Kategorie - Jenny is baking\" \/>\n<meta property=\"og:url\" content=\"https:\/\/jennyisbaking.com\/de\/recipe-index\/by-category\/\" \/>\n<meta property=\"og:site_name\" content=\"Jenny is baking\" \/>\n<meta property=\"article:publisher\" content=\"https:\/\/www.facebook.com\/jennyisbaking\/\" \/>\n<meta property=\"article:modified_time\" content=\"2023-08-14T12:47:45+00:00\" \/>\n<meta name=\"twitter:card\" content=\"summary_large_image\" \/>\n<meta name=\"twitter:label1\" content=\"Gesch\u00e4tzte Lesezeit\" \/>\n\t<meta name=\"twitter:data1\" content=\"1\u00a0Minute\" \/>\n<script type=\"application\/ld+json\" class=\"yoast-schema-graph\">{\"@context\":\"https:\\\/\\\/schema.org\",\"@graph\":[{\"@type\":\"WebPage\",\"@id\":\"https:\\\/\\\/jennyisbaking.com\\\/de\\\/recipe-index\\\/by-category\\\/\",\"url\":\"https:\\\/\\\/jennyisbaking.com\\\/de\\\/recipe-index\\\/by-category\\\/\",\"name\":\"Nach Kategorie - Jenny is baking\",\"isPartOf\":{\"@id\":\"https:\\\/\\\/jennyisbaking.com\\\/de\\\/#website\"},\"datePublished\":\"2018-08-19T14:10:40+00:00\",\"dateModified\":\"2023-08-14T12:47:45+00:00\",\"breadcrumb\":{\"@id\":\"https:\\\/\\\/jennyisbaking.com\\\/de\\\/recipe-index\\\/by-category\\\/#breadcrumb\"},\"inLanguage\":\"de\",\"potentialAction\":[{\"@type\":\"ReadAction\",\"target\":[[\"https:\\\/\\\/jennyisbaking.com\\\/de\\\/recipe-index\\\/by-category\\\/\"]]}]},{\"@type\":\"BreadcrumbList\",\"@id\":\"https:\\\/\\\/jennyisbaking.com\\\/de\\\/recipe-index\\\/by-category\\\/#breadcrumb\",\"itemListElement\":[{\"@type\":\"ListItem\",\"position\":1,\"name\":\"Startseite\",\"item\":\"https:\\\/\\\/jennyisbaking.com\\\/de\\\/\"},{\"@type\":\"ListItem\",\"position\":2,\"name\":\"Alle Rezepte\",\"item\":\"https:\\\/\\\/jennyisbaking.com\\\/de\\\/recipe-index\\\/\"},{\"@type\":\"ListItem\",\"position\":3,\"name\":\"Nach Kategorie\"}]},{\"@type\":\"WebSite\",\"@id\":\"https:\\\/\\\/jennyisbaking.com\\\/de\\\/#website\",\"url\":\"https:\\\/\\\/jennyisbaking.com\\\/de\\\/\",\"name\":\"Jenny is baking\",\"description\":\"Backrezepte aus Nord- und S\u00fcdamerika\",\"potentialAction\":[{\"@type\":\"SearchAction\",\"target\":{\"@type\":\"EntryPoint\",\"urlTemplate\":\"https:\\\/\\\/jennyisbaking.com\\\/de\\\/?s={search_term_string}\"},\"query-input\":{\"@type\":\"PropertyValueSpecification\",\"valueRequired\":true,\"valueName\":\"search_term_string\"}}],\"inLanguage\":\"de\"}]}<\/script>\n<!-- \/ Yoast SEO plugin. -->","yoast_head_json":{"title":"Nach Kategorie - Jenny is baking","robots":{"index":"index","follow":"follow","max-snippet":"max-snippet:-1","max-image-preview":"max-image-preview:large","max-video-preview":"max-video-preview:-1"},"canonical":"https:\/\/jennyisbaking.com\/de\/recipe-index\/by-category\/","og_locale":"de_DE","og_type":"article","og_title":"Nach Kategorie - Jenny is baking","og_url":"https:\/\/jennyisbaking.com\/de\/recipe-index\/by-category\/","og_site_name":"Jenny is baking","article_publisher":"https:\/\/www.facebook.com\/jennyisbaking\/","article_modified_time":"2023-08-14T12:47:45+00:00","twitter_card":"summary_large_image","twitter_misc":{"Gesch\u00e4tzte Lesezeit":"1\u00a0Minute"},"schema":{"@context":"https:\/\/schema.org","@graph":[{"@type":"WebPage","@id":"https:\/\/jennyisbaking.com\/de\/recipe-index\/by-category\/","url":"https:\/\/jennyisbaking.com\/de\/recipe-index\/by-category\/","name":"Nach Kategorie - Jenny is baking","isPartOf":{"@id":"https:\/\/jennyisbaking.com\/de\/#website"},"datePublished":"2018-08-19T14:10:40+00:00","dateModified":"2023-08-14T12:47:45+00:00","breadcrumb":{"@id":"https:\/\/jennyisbaking.com\/de\/recipe-index\/by-category\/#breadcrumb"},"inLanguage":"de","potentialAction":[{"@type":"ReadAction","target":[["https:\/\/jennyisbaking.com\/de\/recipe-index\/by-category\/"]]}]},{"@type":"BreadcrumbList","@id":"https:\/\/jennyisbaking.com\/de\/recipe-index\/by-category\/#breadcrumb","itemListElement":[{"@type":"ListItem","position":1,"name":"Startseite","item":"https:\/\/jennyisbaking.com\/de\/"},{"@type":"ListItem","position":2,"name":"Alle Rezepte","item":"https:\/\/jennyisbaking.com\/de\/recipe-index\/"},{"@type":"ListItem","position":3,"name":"Nach Kategorie"}]},{"@type":"WebSite","@id":"https:\/\/jennyisbaking.com\/de\/#website","url":"https:\/\/jennyisbaking.com\/de\/","name":"Jenny is baking","description":"Backrezepte aus Nord- und S\u00fcdamerika","potentialAction":[{"@type":"SearchAction","target":{"@type":"EntryPoint","urlTemplate":"https:\/\/jennyisbaking.com\/de\/?s={search_term_string}"},"query-input":{"@type":"PropertyValueSpecification","valueRequired":true,"valueName":"search_term_string"}}],"inLanguage":"de"}]}},"jetpack_sharing_enabled":true,"jetpack_shortlink":"https:\/\/wp.me\/P8MAhl-1Kd","jetpack-related-posts":[{"id":64,"url":"https:\/\/jennyisbaking.com\/de\/recipe-index\/","url_meta":{"origin":6709,"position":0},"title":"Alle Rezepte","author":"Jenny","date":"Samstag, der 11. Februar 2017","format":false,"excerpt":"Merken","rel":"","context":"\u00c4hnlicher Beitrag","block_context":{"text":"\u00c4hnlicher Beitrag","link":""},"img":{"alt_text":"","src":"https:\/\/i0.wp.com\/jennyisbaking.com\/wp-1c174-content\/uploads\/2018\/05\/DSC09200.jpg?fit=801%2C534&ssl=1&resize=350%2C200","width":350,"height":200,"srcset":"https:\/\/i0.wp.com\/jennyisbaking.com\/wp-1c174-content\/uploads\/2018\/05\/DSC09200.jpg?fit=801%2C534&ssl=1&resize=350%2C200 1x, https:\/\/i0.wp.com\/jennyisbaking.com\/wp-1c174-content\/uploads\/2018\/05\/DSC09200.jpg?fit=801%2C534&ssl=1&resize=525%2C300 1.5x, https:\/\/i0.wp.com\/jennyisbaking.com\/wp-1c174-content\/uploads\/2018\/05\/DSC09200.jpg?fit=801%2C534&ssl=1&resize=700%2C400 2x"},"classes":[]},{"id":6711,"url":"https:\/\/jennyisbaking.com\/de\/recipe-index\/by-season\/","url_meta":{"origin":6709,"position":1},"title":"Nach Jahreszeit","author":"Jenny","date":"Sonntag, der 19. August 2018","format":false,"excerpt":"","rel":"","context":"\u00c4hnlicher Beitrag","block_context":{"text":"\u00c4hnlicher Beitrag","link":""},"img":{"alt_text":"","src":"","width":0,"height":0},"classes":[]},{"id":6717,"url":"https:\/\/jennyisbaking.com\/de\/recipe-index\/by-country\/","url_meta":{"origin":6709,"position":2},"title":"Nach L\u00e4ndern","author":"Jenny","date":"Sonntag, der 19. August 2018","format":false,"excerpt":"","rel":"","context":"\u00c4hnlicher Beitrag","block_context":{"text":"\u00c4hnlicher Beitrag","link":""},"img":{"alt_text":"","src":"","width":0,"height":0},"classes":[]},{"id":6722,"url":"https:\/\/jennyisbaking.com\/de\/recipe-index\/occasion\/","url_meta":{"origin":6709,"position":3},"title":"Nach Anlass","author":"Jenny","date":"Sonntag, der 19. August 2018","format":false,"excerpt":"","rel":"","context":"\u00c4hnlicher Beitrag","block_context":{"text":"\u00c4hnlicher Beitrag","link":""},"img":{"alt_text":"","src":"","width":0,"height":0},"classes":[]},{"id":7208,"url":"https:\/\/jennyisbaking.com\/de\/lets-have-a-coffee\/","url_meta":{"origin":6709,"position":4},"title":"Auf einen Kaffee","author":"Jenny","date":"Donnerstag, der 11. Oktober 2018","format":false,"excerpt":"","rel":"","context":"\u00c4hnlicher Beitrag","block_context":{"text":"\u00c4hnlicher Beitrag","link":""},"img":{"alt_text":"","src":"","width":0,"height":0},"classes":[]},{"id":47,"url":"https:\/\/jennyisbaking.com\/de\/about\/faq\/","url_meta":{"origin":6709,"position":5},"title":"FAQ","author":"Jenny","date":"Samstag, der 11. Februar 2017","format":false,"excerpt":"Wer isst die ganzen Cookies, Torten usw? Keine Sorge, mein Mann und ich essen nicht alles alleine auf. Ja, ich probiere von allen Sachen selbst. Oft ist es ein kleines Probierst\u00fcck, aber ich w\u00fcrde niemals etwas ver\u00f6ffentlichen ohne es probiert zu haben. Daf\u00fcr ist mir der Geschmack viel zu wichtig.\u2026","rel":"","context":"\u00c4hnlicher Beitrag","block_context":{"text":"\u00c4hnlicher Beitrag","link":""},"img":{"alt_text":"","src":"https:\/\/i0.wp.com\/jennyisbaking.com\/wp-1c174-content\/uploads\/2018\/07\/Alfajor-marplatense-1.jpg?fit=534%2C801&ssl=1&resize=350%2C200","width":350,"height":200,"srcset":"https:\/\/i0.wp.com\/jennyisbaking.com\/wp-1c174-content\/uploads\/2018\/07\/Alfajor-marplatense-1.jpg?fit=534%2C801&ssl=1&resize=350%2C200 1x, https:\/\/i0.wp.com\/jennyisbaking.com\/wp-1c174-content\/uploads\/2018\/07\/Alfajor-marplatense-1.jpg?fit=534%2C801&ssl=1&resize=525%2C300 1.5x"},"classes":[]}],"_links":{"self":[{"href":"https:\/\/jennyisbaking.com\/de\/wp-json\/wp\/v2\/pages\/6709","targetHints":{"allow":["GET"]}}],"collection":[{"href":"https:\/\/jennyisbaking.com\/de\/wp-json\/wp\/v2\/pages"}],"about":[{"href":"https:\/\/jennyisbaking.com\/de\/wp-json\/wp\/v2\/types\/page"}],"author":[{"embeddable":true,"href":"https:\/\/jennyisbaking.com\/de\/wp-json\/wp\/v2\/users\/1"}],"replies":[{"embeddable":true,"href":"https:\/\/jennyisbaking.com\/de\/wp-json\/wp\/v2\/comments?post=6709"}],"version-history":[{"count":8,"href":"https:\/\/jennyisbaking.com\/de\/wp-json\/wp\/v2\/pages\/6709\/revisions"}],"predecessor-version":[{"id":15006,"href":"https:\/\/jennyisbaking.com\/de\/wp-json\/wp\/v2\/pages\/6709\/revisions\/15006"}],"up":[{"embeddable":true,"href":"https:\/\/jennyisbaking.com\/de\/wp-json\/wp\/v2\/pages\/64"}],"wp:attachment":[{"href":"https:\/\/jennyisbaking.com\/de\/wp-json\/wp\/v2\/media?parent=6709"}],"curies":[{"name":"wp","href":"https:\/\/api.w.org\/{rel}","templated":true}]}}